{"id":13749,"date":"2023-11-24T11:09:46","date_gmt":"2023-11-24T10:09:46","guid":{"rendered":"https:\/\/www.safelift.se\/eliminate-worker-injury\/"},"modified":"2024-09-11T13:12:16","modified_gmt":"2024-09-11T11:12:16","slug":"arbeitsunfalle-beseitigen","status":"publish","type":"page","link":"https:\/\/www.safelift.se\/de\/arbeitsunfalle-beseitigen\/","title":{"rendered":"Arbeitsunf\u00e4lle beseitigen"},"content":{"rendered":"<p>[et_pb_section fb_built=&#8220;1&#8243; module_id=&#8220;landingpage-logo&#8220; _builder_version=&#8220;4.17.3&#8243; _module_preset=&#8220;default&#8220; background_color=&#8220;#222222&#8243; custom_padding=&#8220;30px||30px|||&#8220; global_colors_info=&#8220;{}&#8220;][et_pb_row _builder_version=&#8220;4.17.3&#8243; _module_preset=&#8220;default&#8220; custom_padding=&#8220;0px||0px|||&#8220; global_colors_info=&#8220;{}&#8220;][et_pb_column type=&#8220;4_4&#8243; _builder_version=&#8220;4.17.3&#8243; _module_preset=&#8220;default&#8220; global_colors_info=&#8220;{}&#8220;][et_pb_image src=&#8220;https:\/\/www.safelift.se\/wp-content\/uploads\/logo-safelift-white.png&#8220; alt=&#8220;Safelift Pelarliftar&#8220; title_text=&#8220;Safelift Pelarliftar&#8220; _builder_version=&#8220;4.17.3&#8243; _module_preset=&#8220;default&#8220; global_colors_info=&#8220;{}&#8220;][\/et_pb_image][\/et_pb_column][\/et_pb_row][\/et_pb_section][et_pb_section fb_built=&#8220;1&#8243; _builder_version=&#8220;4.16&#8243; custom_padding=&#8220;19px|4px||||&#8220; global_colors_info=&#8220;{}&#8220;][et_pb_row make_equal=&#8220;on&#8220; _builder_version=&#8220;4.23.1&#8243; background_size=&#8220;initial&#8220; background_position=&#8220;top_left&#8220; background_repeat=&#8220;repeat&#8220; max_width=&#8220;800px&#8220; global_colors_info=&#8220;{}&#8220;][et_pb_column type=&#8220;4_4&#8243; _builder_version=&#8220;4.16&#8243; custom_padding=&#8220;|||&#8220; global_colors_info=&#8220;{}&#8220; custom_padding__hover=&#8220;|||&#8220;][et_pb_text _builder_version=&#8220;4.25.1&#8243; global_colors_info=&#8220;{}&#8220;]<\/p>\n<h1>Vermeiden Sie Arbeitsunf\u00e4lle und maximieren Sie gleichzeitig die Produktivit\u00e4t mit Safelift: den kompaktesten und benutzerfreund&shy;lichsten Mastb\u00fchnen der Welt<\/h1>\n<p>[\/et_pb_text][et_pb_image src=&#8220;https:\/\/www.safelift.se\/wp-content\/uploads\/movearound-ma50-01.jpg&#8220; alt=&#8220;Safelift bietet die sichersten Mastb\u00fchnen der Welt an. &#8220; title_text=&#8220;Safelift bietet die sichersten Mastb\u00fchnen der Welt an. &#8220; _builder_version=&#8220;4.25.1&#8243; _module_preset=&#8220;default&#8220; global_colors_info=&#8220;{}&#8220;][\/et_pb_image][et_pb_text _builder_version=&#8220;4.25.1&#8243; _module_preset=&#8220;default&#8220; global_colors_info=&#8220;{}&#8220;]<\/p>\n<p><strong>Safelift bietet die sichersten Mastb\u00fchnen der Welt an.<\/strong> Indem Sie gef\u00e4hrliche Trittleitern durch die modernen Mastb\u00fchnen aus schwedischer Produktion von Safelift ersetzen, erf\u00fcllen Sie nicht nur die Sicherheitsvorschriften der EG-Richtlinie und EN280, sondern sorgen auch f\u00fcr die Sicherheit Ihrer Mitarbeiter, <em>verhindern Sch\u00e4den an der Ausr\u00fcstung und optimieren den Arbeitsablauf mit praktischen integrierten Funktionen.<\/em><em><\/em><em><\/em><\/p>\n<ul style=\"margin-top: 20px;\">\n<li style=\"margin-top: 10px;\"><strong>KOMPAKT<\/strong> \u2013 Keine herk\u00f6mmliche, sperrige Scherenarbeitsb\u00fchne. Safelift-Arbeitsb\u00fchnen sind sehr mobil, kompakt und leicht und dennoch stark genug, um bis zu 180 kg zu heben.<\/li>\n<li style=\"margin-top: 10px;\"><strong>BENUTZERFREUNDLICHKEIT<\/strong> \u2013 Einfach zu laden, zu bedienen und zu warten, ohne Lernkurve f\u00fcr die einfache Handhabung.<\/li>\n<li style=\"margin-top: 10px;\"><strong>SICHERHEIT AUF H\u00d6CHSTER STUFE<\/strong> \u2013 Arbeiter k\u00f6nnen bei der Benutzung von Trittleitern schwere Verletzungen oder sogar den Tod erleiden. Durch die Aufr\u00fcstung auf Safelift werden m\u00f6gliche Katastrophen und Haftungsrisiken vermieden.<\/li>\n<\/ul>\n<p>[\/et_pb_text][et_pb_button button_url=&#8220;#landingpage-form&#8220; button_text=&#8220;Holen Sie sich Brosch\u00fcre und Preise&#8220; button_alignment=&#8220;center&#8220; module_class=&#8220;rv_button_1 rv_button_closed&#8220; _builder_version=&#8220;4.25.1&#8243; _module_preset=&#8220;default&#8220; locked=&#8220;off&#8220; global_colors_info=&#8220;{}&#8220;][\/et_pb_button][\/et_pb_column][\/et_pb_row][et_pb_row make_equal=&#8220;on&#8220; module_class=&#8220;image-right&#8220; _builder_version=&#8220;4.17.3&#8243; background_size=&#8220;initial&#8220; background_position=&#8220;top_left&#8220; background_repeat=&#8220;repeat&#8220; max_width=&#8220;800px&#8220; global_colors_info=&#8220;{}&#8220;][et_pb_column type=&#8220;4_4&#8243; _builder_version=&#8220;4.16&#8243; custom_padding=&#8220;|||&#8220; global_colors_info=&#8220;{}&#8220; custom_padding__hover=&#8220;|||&#8220;][et_pb_text _builder_version=&#8220;4.25.1&#8243; global_colors_info=&#8220;{}&#8220;]<\/p>\n<h2>Eine Stufe h\u00f6her als Trittleitern<\/h2>\n<p>[\/et_pb_text][et_pb_image src=&#8220;https:\/\/www.safelift.se\/wp-content\/uploads\/ladder-falling.gif&#8220; alt=&#8220;Eine Stufe h\u00f6her als Trittleitern&#8220; title_text=&#8220;Eine Stufe h\u00f6her als Trittleitern&#8220; align=&#8220;center&#8220; force_fullwidth=&#8220;on&#8220; _builder_version=&#8220;4.25.1&#8243; _module_preset=&#8220;default&#8220; global_colors_info=&#8220;{}&#8220;][\/et_pb_image][et_pb_text _builder_version=&#8220;4.25.1&#8243; _module_preset=&#8220;default&#8220; global_colors_info=&#8220;{}&#8220;]<\/p>\n<p>Angesichts der zahlreichen Berichte \u00fcber Arbeitnehmer, die sich jedes Jahr durch St\u00fcrze von Trittleitern schwere Verletzungen zugezogen haben, ergreifen Facility Manager, Techniker und Gesch\u00e4ftsf\u00fchrer nun Ma\u00dfnahmen, um etwas zu \u00e4ndern.<\/p>\n<blockquote>\n<p>Das Risiko schwerer Sturzverletzungen darf nicht auf die leichte Schulter genommen werden, denn selbst ein Sturz aus nur einem Meter H\u00f6he kann dazu f\u00fchren, dass ein Arbeiter in die Notaufnahme muss oder noch Schlimmeres passiert.<\/p>\n<\/blockquote>\n<p><em>Hier bietet Safelift eine L\u00f6sung, die das Verletzungsrisiko f\u00fcr die Arbeiter eliminiert und sich nahtlos und ohne Lernkurve in Ihren Betrieb integrieren l\u00e4sst.<\/em><\/p>\n<p>[\/et_pb_text][\/et_pb_column][\/et_pb_row][et_pb_row make_equal=&#8220;on&#8220; module_class=&#8220;image-right&#8220; _builder_version=&#8220;4.17.3&#8243; background_size=&#8220;initial&#8220; background_position=&#8220;top_left&#8220; background_repeat=&#8220;repeat&#8220; max_width=&#8220;800px&#8220; global_colors_info=&#8220;{}&#8220;][et_pb_column type=&#8220;4_4&#8243; _builder_version=&#8220;4.16&#8243; custom_padding=&#8220;|||&#8220; global_colors_info=&#8220;{}&#8220; custom_padding__hover=&#8220;|||&#8220;][et_pb_text _builder_version=&#8220;4.25.1&#8243; _module_preset=&#8220;default&#8220; global_colors_info=&#8220;{}&#8220;]<\/p>\n<h2>Wie Safelift die Arbeitssicherheit erh\u00f6ht<\/h2>\n<p>Safelift wird von der gro\u00dfen schwedischen Marke IKEA sowie an \u00fcber 2.000 anderen Arbeitspl\u00e4tzen empfohlen und verwendet und ist die einfache Wahl unter den Mastb\u00fchnen.<\/p>\n<p><strong>Safelift hilft Ihnen, (2) wichtige Ziele zu erreichen:<\/strong><\/p>\n<ul>\n<li>Sorgen Sie f\u00fcr Sicherheit am Arbeitsplatz, indem Sie Verletzungsrisiken der Mitarbeiter vermeiden.<\/li>\n<li>Gew\u00e4hrleistung der Einhaltung von EG-Richtlinien und der Sicherheitsvorschriften EN280<\/li>\n<\/ul>\n<p><strong>Safelift-Mastb\u00fchnen bieten au\u00dferdem eine Vielzahl von Funktionen zur Steigerung der Effizienz und Benutzerfreundlichkeit, wie zum Beispiel:<\/strong><\/p>\n<ul>\n<li>Einfache Wartung mit praktischen Lade- und Wartungsfunktionen<\/li>\n<li>Pers\u00f6nliche Sicherheitsfunktionen einschlie\u00dflich Ankerpunkt, Not-Stopp und Notabsenkung<\/li>\n<li>Leichtes und wendiges Design f\u00fcr den einfachen Transport und Durchgang durch T\u00fcren<\/li>\n<li>Intelligente Funktionen wie Radantriebauskupplung, USB-Anschl\u00fcsse und spezieller Stauraum f\u00fcr Werkzeuge<\/li>\n<li>Eine vielf\u00e4ltige Produktlinie, die allen Anforderungen gerecht wird, ob gro\u00df oder klein<\/li>\n<li>Kompaktes und benutzerfreundliches Design f\u00fcr die einfache Bedienung und Lagerung<\/li>\n<\/ul>\n<p>[\/et_pb_text][et_pb_button button_url=&#8220;#landingpage-form&#8220; button_text=&#8220;Holen Sie sich Brosch\u00fcre und Preise&#8220; button_alignment=&#8220;center&#8220; module_class=&#8220;rv_button_1 rv_button_closed&#8220; _builder_version=&#8220;4.25.1&#8243; _module_preset=&#8220;default&#8220; locked=&#8220;off&#8220; global_colors_info=&#8220;{}&#8220;][\/et_pb_button][\/et_pb_column][\/et_pb_row][et_pb_row make_equal=&#8220;on&#8220; _builder_version=&#8220;4.17.3&#8243; background_size=&#8220;initial&#8220; background_position=&#8220;top_left&#8220; background_repeat=&#8220;repeat&#8220; max_width=&#8220;800px&#8220; global_colors_info=&#8220;{}&#8220;][et_pb_column type=&#8220;4_4&#8243; _builder_version=&#8220;4.16&#8243; custom_padding=&#8220;|||&#8220; global_colors_info=&#8220;{}&#8220; custom_padding__hover=&#8220;|||&#8220;][et_pb_text _builder_version=&#8220;4.25.1&#8243; global_colors_info=&#8220;{}&#8220;]<\/p>\n<h2>Der Safelift-Unterschied<\/h2>\n<p>[\/et_pb_text][et_pb_image src=&#8220;https:\/\/www.safelift.se\/wp-content\/uploads\/comparing2.gif&#8220; alt=&#8220;Den nya generationens pelarliftar&#8220; title_text=&#8220;Den nya generationens pelarliftar&#8220; align=&#8220;center&#8220; force_fullwidth=&#8220;on&#8220; _builder_version=&#8220;4.23.1&#8243; _module_preset=&#8220;default&#8220; global_colors_info=&#8220;{}&#8220;][\/et_pb_image][et_pb_text _builder_version=&#8220;4.25.1&#8243; global_colors_info=&#8220;{}&#8220;]<\/p>\n<p>Safelift wurde 2010 mit dem Ziel gegr\u00fcndet, die Sicherheit am Arbeitsplatz zu verbessern. Das Unternehmen hat sich zu einem Vorreiter auf dem Gebiet der Hebetechnik entwickelt. Safelift mit Sitz in Schweden stellt Aufz\u00fcge her, die stolz das angesehene CE-Zeichen tragen und die Sicherheitsnormen der EU-Richtlinie und der EN280 strikt einhalten.<\/p>\n<p>Die Einf\u00fchrung innovativer Modelle wie der PushAround- und MoveAround-Serie im Jahr 2013 unterstrich Safelifts Engagement f\u00fcr kontinuierliche Verbesserung. Zentral f\u00fcr ihre Spitzenleistung ist das Produktentwicklungs- und Montagezentrum in V\u00e4xj\u00f6, Schweden, das eine sorgf\u00e4ltige Kontrolle \u00fcber Qualit\u00e4t und Funktionalit\u00e4t gew\u00e4hrleistet.<\/p>\n<p>Safelift kann auf eine jahrzehntelange Tradition bahnbrechender L\u00f6sungen zur\u00fcckblicken und bleibt Vorreiter bei der Neugestaltung der Arbeitssicherheit, bietet benutzerfreundliche Alternativen zu herk\u00f6mmlichen Vorgehensweisen und f\u00fchrt Branchen zu neuen Sicherheits- und Effizienzstandards.<\/p>\n<p>[\/et_pb_text][\/et_pb_column][\/et_pb_row][et_pb_row make_equal=&#8220;on&#8220; _builder_version=&#8220;4.17.3&#8243; background_size=&#8220;initial&#8220; background_position=&#8220;top_left&#8220; background_repeat=&#8220;repeat&#8220; max_width=&#8220;800px&#8220; global_colors_info=&#8220;{}&#8220;][et_pb_column type=&#8220;4_4&#8243; _builder_version=&#8220;4.16&#8243; custom_padding=&#8220;|||&#8220; global_colors_info=&#8220;{}&#8220; custom_padding__hover=&#8220;|||&#8220;][et_pb_text _builder_version=&#8220;4.25.1&#8243; global_colors_info=&#8220;{}&#8220;]<\/p>\n<h2>Bereit f\u00fcr das Upgrade auf den Safelift-Standard?<\/h2>\n<p>[\/et_pb_text][et_pb_image src=&#8220;https:\/\/www.safelift.se\/wp-content\/uploads\/genomhiss.gif&#8220; alt=&#8220;Die S\u00e4ulenlifte von Safelift sind leicht und klein&#8220; title_text=&#8220;Die S\u00e4ulenlifte von Safelift sind leicht und klein&#8220; align=&#8220;center&#8220; force_fullwidth=&#8220;on&#8220; _builder_version=&#8220;4.25.1&#8243; _module_preset=&#8220;default&#8220; global_colors_info=&#8220;{}&#8220;][\/et_pb_image][et_pb_text _builder_version=&#8220;4.25.1&#8243; global_colors_info=&#8220;{}&#8220;]<\/p>\n<p>Bis etwa zum Jahr 2000 wurden beim Skifahren kaum Helme getragen. Ebenso dauerte es \u00fcber 60 Jahre, bis der erste Kinderautositz auf den Markt kam.<\/p>\n<blockquote>\n<p>Jetzt ist es an der Zeit, dass wir die Verantwortung f\u00fcr die Sicherheit am Arbeitsplatz \u00fcbernehmen und Safelift zum neuen Standard an Arbeitspl\u00e4tzen auf der ganzen Welt machen.<\/p>\n<\/blockquote>\n<p>Durch die Anschaffung eines Safelifts an Ihrem Arbeitsplatz erweisen Sie nicht nur Ihren Mitarbeitern einen gro\u00dfen Dienst, sondern eliminieren auch das Risiko von Haftungsanspr\u00fcchen, Ger\u00e4tesch\u00e4den und Rechtsstreitigkeiten.<\/p>\n<p>Schauen Sie sich jetzt die gesamte Produktpalette an, um herauszufinden, welches Modell am besten zu den Anforderungen Ihres Betriebs passt. Wenn Sie mehr \u00fcber Safelift erfahren oder eine Probefahrt vereinbaren m\u00f6chten, klicken Sie unten, um eine digitale Brosch\u00fcre und Preise zu erhalten.<\/p>\n<p>[\/et_pb_text][et_pb_button button_url=&#8220;#landingpage-form&#8220; button_text=&#8220;Holen Sie sich Brosch\u00fcre und Preise&#8220; button_alignment=&#8220;center&#8220; module_class=&#8220;rv_button_1 rv_button_closed&#8220; _builder_version=&#8220;4.25.1&#8243; _module_preset=&#8220;default&#8220; global_colors_info=&#8220;{}&#8220;][\/et_pb_button][et_pb_code _builder_version=&#8220;4.23.1&#8243; _module_preset=&#8220;default&#8220; global_colors_info=&#8220;{}&#8220;]<\/p>\n<style><!-- [et_pb_line_break_holder] -->body:not(.et-fb) .rv_element { display: none; }<!-- [et_pb_line_break_holder] -->.et_pb_button.rv_button_opened:after { content:\"\\32\"; }<!-- [et_pb_line_break_holder] -->.et_pb_button.rv_button_closed:after { content:\"\\33\"; }<!-- [et_pb_line_break_holder] --><\/style>\n<p><!-- [et_pb_line_break_holder] --><!-- [et_pb_line_break_holder] --><script><!-- [et_pb_line_break_holder] -->jQuery(function($){<!-- [et_pb_line_break_holder] -->\tvar revealButtons = {<!-- [et_pb_line_break_holder] -->\t\t'.rv_button_1': '.rv_element_1'<!-- [et_pb_line_break_holder] -->\t};<!-- [et_pb_line_break_holder] -->\t$.each(revealButtons, function(revealButton, revealElement) {<!-- [et_pb_line_break_holder] -->\t\t$(revealButton).click(function(e){<!-- [et_pb_line_break_holder] -->\t\t\te.preventDefault();<!-- [et_pb_line_break_holder] -->\t\t\t$(revealElement).slideToggle();<!-- [et_pb_line_break_holder] -->\t\t\t$(revealButton).toggleClass('rv_button_opened rv_button_closed');<!-- [et_pb_line_break_holder] -->\t\t});<!-- [et_pb_line_break_holder] -->\t});<!-- [et_pb_line_break_holder] -->});<!-- [et_pb_line_break_holder] --><\/script>[\/et_pb_code][\/et_pb_column][\/et_pb_row][\/et_pb_section][et_pb_section fb_built=&#8220;1&#8243; module_id=&#8220;landingpage-form&#8220; module_class=&#8220;rv_element rv_element_1 &#8220; _builder_version=&#8220;4.23.1&#8243; background_color=&#8220;#1a1a1a&#8220; locked=&#8220;off&#8220; global_colors_info=&#8220;{}&#8220;][et_pb_row _builder_version=&#8220;4.17.3&#8243; _module_preset=&#8220;default&#8220; global_colors_info=&#8220;{}&#8220;][et_pb_column type=&#8220;4_4&#8243; _builder_version=&#8220;4.17.3&#8243; _module_preset=&#8220;default&#8220; global_colors_info=&#8220;{}&#8220;][et_pb_contact_form captcha=&#8220;off&#8220; email=&#8220;patrick.hellstrom@safelift.se&#8220; custom_message=&#8220;From the German page:||et_pb_line_break_holder||||et_pb_line_break_holder||Name: %%Name%%||et_pb_line_break_holder||E-mail: %%Email%%||et_pb_line_break_holder||Phone: %%Telefon%%||et_pb_line_break_holder||||et_pb_line_break_holder||Ja, ich m\u00f6chte die Brosch\u00fcre und eine Preisliste per Post erhalten&#8220; use_redirect=&#8220;on&#8220; redirect_url=&#8220;https:\/\/www.safelift.se\/landningssidan\/tack\/&#8220; submit_button_text=&#8220;Ja, ich m\u00f6chte die Brosch\u00fcre und eine Preisliste per Post erhalten&#8220; module_class=&#8220;form-3cols&#8220; _builder_version=&#8220;4.27.0&#8243; _module_preset=&#8220;default&#8220; _unique_id=&#8220;d43ca6c7-22fa-4dc8-aa9f-89ce8034e750&#8243; form_field_custom_margin=&#8220;||||false|false&#8220; hover_enabled=&#8220;0&#8243; custom_css_contact_button=&#8220;color: #222;&#8220; global_colors_info=&#8220;{}&#8220; sticky_enabled=&#8220;0&#8243;][et_pb_contact_field field_id=&#8220;Name&#8220; field_title=&#8220;Name *&#8220; _builder_version=&#8220;4.27.0&#8243; custom_margin=&#8220;||10px||false|false&#8220; hover_enabled=&#8220;0&#8243; global_colors_info=&#8220;{}&#8220; button_text_size__hover_enabled=&#8220;off&#8220; button_one_text_size__hover_enabled=&#8220;off&#8220; button_two_text_size__hover_enabled=&#8220;off&#8220; button_text_color__hover_enabled=&#8220;off&#8220; button_one_text_color__hover_enabled=&#8220;off&#8220; button_two_text_color__hover_enabled=&#8220;off&#8220; button_border_width__hover_enabled=&#8220;off&#8220; button_one_border_width__hover_enabled=&#8220;off&#8220; button_two_border_width__hover_enabled=&#8220;off&#8220; button_border_color__hover_enabled=&#8220;off&#8220; button_one_border_color__hover_enabled=&#8220;off&#8220; button_two_border_color__hover_enabled=&#8220;off&#8220; button_border_radius__hover_enabled=&#8220;off&#8220; button_one_border_radius__hover_enabled=&#8220;off&#8220; button_two_border_radius__hover_enabled=&#8220;off&#8220; button_letter_spacing__hover_enabled=&#8220;off&#8220; button_one_letter_spacing__hover_enabled=&#8220;off&#8220; button_two_letter_spacing__hover_enabled=&#8220;off&#8220; button_bg_color__hover_enabled=&#8220;off&#8220; button_one_bg_color__hover_enabled=&#8220;off&#8220; button_two_bg_color__hover_enabled=&#8220;off&#8220; sticky_enabled=&#8220;0&#8243;][\/et_pb_contact_field][et_pb_contact_field field_id=&#8220;Email&#8220; field_title=&#8220;E-Mail-Adresse des Unternehmens *&#8220; field_type=&#8220;email&#8220; _builder_version=&#8220;4.27.0&#8243; custom_margin=&#8220;||10px||false|false&#8220; hover_enabled=&#8220;0&#8243; global_colors_info=&#8220;{}&#8220; button_text_size__hover_enabled=&#8220;off&#8220; button_one_text_size__hover_enabled=&#8220;off&#8220; button_two_text_size__hover_enabled=&#8220;off&#8220; button_text_color__hover_enabled=&#8220;off&#8220; button_one_text_color__hover_enabled=&#8220;off&#8220; button_two_text_color__hover_enabled=&#8220;off&#8220; button_border_width__hover_enabled=&#8220;off&#8220; button_one_border_width__hover_enabled=&#8220;off&#8220; button_two_border_width__hover_enabled=&#8220;off&#8220; button_border_color__hover_enabled=&#8220;off&#8220; button_one_border_color__hover_enabled=&#8220;off&#8220; button_two_border_color__hover_enabled=&#8220;off&#8220; button_border_radius__hover_enabled=&#8220;off&#8220; button_one_border_radius__hover_enabled=&#8220;off&#8220; button_two_border_radius__hover_enabled=&#8220;off&#8220; button_letter_spacing__hover_enabled=&#8220;off&#8220; button_one_letter_spacing__hover_enabled=&#8220;off&#8220; button_two_letter_spacing__hover_enabled=&#8220;off&#8220; button_bg_color__hover_enabled=&#8220;off&#8220; button_one_bg_color__hover_enabled=&#8220;off&#8220; button_two_bg_color__hover_enabled=&#8220;off&#8220; sticky_enabled=&#8220;0&#8243;][\/et_pb_contact_field][et_pb_contact_field field_id=&#8220;Telefon&#8220; field_title=&#8220;Telefon *&#8220; _builder_version=&#8220;4.27.0&#8243; _module_preset=&#8220;default&#8220; hover_enabled=&#8220;0&#8243; global_colors_info=&#8220;{}&#8220; sticky_enabled=&#8220;0&#8243;][\/et_pb_contact_field][et_pb_contact_field field_id=&#8220;check&#8220; field_title=&#8220;Verwenden Sie eine Firmen-E-Mail-Adresse&#8220; field_type=&#8220;checkbox&#8220; checkbox_options=&#8220;%91{%22value%22:%22Email check%22,%22checked%22:0,%22dragID%22:-1}%93&#8243; fullwidth_field=&#8220;on&#8220; conditional_logic=&#8220;on&#8220; conditional_logic_rules=&#8220;%91{%22field%22:%22email%22,%22condition%22:%22contains%22,%22value%22:%22gmail.com%22},{%22field%22:%22email%22,%22condition%22:%22contains%22,%22value%22:%22hotmail.com%22}%93&#8243; _builder_version=&#8220;4.25.1&#8243; _module_preset=&#8220;default&#8220; form_field_font=&#8220;||||||||&#8220; custom_margin=&#8220;20px||-10px||false|false&#8220; global_colors_info=&#8220;{}&#8220;][\/et_pb_contact_field][\/et_pb_contact_form][\/et_pb_column][\/et_pb_row][\/et_pb_section][et_pb_section fb_built=&#8220;1&#8243; module_id=&#8220;landingpage-form&#8220; _builder_version=&#8220;4.17.3&#8243; background_color=&#8220;#222222&#8243; global_colors_info=&#8220;{}&#8220;][et_pb_row _builder_version=&#8220;4.17.3&#8243; _module_preset=&#8220;default&#8220; custom_padding=&#8220;0px||0px|||&#8220; global_colors_info=&#8220;{}&#8220;][et_pb_column type=&#8220;4_4&#8243; _builder_version=&#8220;4.17.3&#8243; _module_preset=&#8220;default&#8220; global_colors_info=&#8220;{}&#8220;][et_pb_text module_id=&#8220;sweflag&#8220; _builder_version=&#8220;4.17.3&#8243; _module_preset=&#8220;default&#8220; global_colors_info=&#8220;{}&#8220;]<img loading=\"lazy\" decoding=\"async\" width=\"32\" height=\"20\" src=\"https:\/\/www.safelift.se\/wp-content\/uploads\/swe.gif\" alt=\"SWE\" \/> <span>Made in Sweden<\/span>[\/et_pb_text][\/et_pb_column][\/et_pb_row][\/et_pb_section]<\/p>\n","protected":false},"excerpt":{"rendered":"<p>Vermeiden Sie Arbeitsunf\u00e4lle und maximieren Sie gleichzeitig die Produktivit\u00e4t mit Safelift: den kompaktesten und benutzerfreund&shy;lichsten Mastb\u00fchnen der WeltSafelift bietet die sichersten Mastb\u00fchnen der Welt an. Indem Sie gef\u00e4hrliche Trittleitern durch die modernen Mastb\u00fchnen aus schwedischer Produktion von Safelift ersetzen, erf\u00fcllen Sie nicht nur die Sicherheitsvorschriften der EG-Richtlinie und EN280, sondern sorgen auch f\u00fcr die Sicherheit [&hellip;]<\/p>\n","protected":false},"author":1,"featured_media":0,"parent":0,"menu_order":0,"comment_status":"closed","ping_status":"closed","template":"","meta":{"_et_pb_use_builder":"on","_et_pb_old_content":"","_et_gb_content_width":"","footnotes":""},"class_list":["post-13749","page","type-page","status-publish","hentry"],"yoast_head":"<!-- This site is optimized with the Yoast SEO plugin v27.5 - https:\/\/yoast.com\/product\/yoast-seo-wordpress\/ -->\n<title>Arbeitsunf\u00e4lle beseitigen - Safelift - S\u00e4ulenlifte f\u00fcr den Innenbereich<\/title>\n<meta name=\"robots\" content=\"index, follow, max-snippet:-1, max-image-preview:large, max-video-preview:-1\" \/>\n<link rel=\"canonical\" href=\"https:\/\/www.safelift.se\/de\/arbeitsunfalle-beseitigen\/\" \/>\n<meta property=\"og:locale\" content=\"de_DE\" \/>\n<meta property=\"og:type\" content=\"article\" \/>\n<meta property=\"og:title\" content=\"Arbeitsunf\u00e4lle beseitigen - Safelift - S\u00e4ulenlifte f\u00fcr den Innenbereich\" \/>\n<meta property=\"og:description\" content=\"Vermeiden Sie Arbeitsunf\u00e4lle und maximieren Sie gleichzeitig die Produktivit\u00e4t mit Safelift: den kompaktesten und benutzerfreund&shy;lichsten Mastb\u00fchnen der WeltSafelift bietet die sichersten Mastb\u00fchnen der Welt an. Indem Sie gef\u00e4hrliche Trittleitern durch die modernen Mastb\u00fchnen aus schwedischer Produktion von Safelift ersetzen, erf\u00fcllen Sie nicht nur die Sicherheitsvorschriften der EG-Richtlinie und EN280, sondern sorgen auch f\u00fcr die Sicherheit [&hellip;]\" \/>\n<meta property=\"og:url\" content=\"https:\/\/www.safelift.se\/de\/arbeitsunfalle-beseitigen\/\" \/>\n<meta property=\"og:site_name\" content=\"Safelift\" \/>\n<meta property=\"article:publisher\" content=\"https:\/\/www.facebook.com\/Safelift\/\" \/>\n<meta property=\"article:modified_time\" content=\"2024-09-11T11:12:16+00:00\" \/>\n<meta property=\"og:image\" content=\"https:\/\/www.safelift.se\/wp-content\/uploads\/movearound-ma50-01-1024x683.jpg\" \/>\n<meta name=\"twitter:card\" content=\"summary_large_image\" \/>\n<meta name=\"twitter:label1\" content=\"Gesch\u00e4tzte Lesezeit\" \/>\n\t<meta name=\"twitter:data1\" content=\"4\u00a0Minuten\" \/>\n<script type=\"application\/ld+json\" class=\"yoast-schema-graph\">{\"@context\":\"https:\\\/\\\/schema.org\",\"@graph\":[{\"@type\":\"WebPage\",\"@id\":\"https:\\\/\\\/www.safelift.se\\\/de\\\/arbeitsunfalle-beseitigen\\\/\",\"url\":\"https:\\\/\\\/www.safelift.se\\\/de\\\/arbeitsunfalle-beseitigen\\\/\",\"name\":\"Arbeitsunf\u00e4lle beseitigen - Safelift - S\u00e4ulenlifte f\u00fcr den Innenbereich\",\"isPartOf\":{\"@id\":\"https:\\\/\\\/www.safelift.se\\\/en\\\/#website\"},\"primaryImageOfPage\":{\"@id\":\"https:\\\/\\\/www.safelift.se\\\/de\\\/arbeitsunfalle-beseitigen\\\/#primaryimage\"},\"image\":{\"@id\":\"https:\\\/\\\/www.safelift.se\\\/de\\\/arbeitsunfalle-beseitigen\\\/#primaryimage\"},\"thumbnailUrl\":\"https:\\\/\\\/www.safelift.se\\\/wp-content\\\/uploads\\\/swe.gif\",\"datePublished\":\"2023-11-24T10:09:46+00:00\",\"dateModified\":\"2024-09-11T11:12:16+00:00\",\"breadcrumb\":{\"@id\":\"https:\\\/\\\/www.safelift.se\\\/de\\\/arbeitsunfalle-beseitigen\\\/#breadcrumb\"},\"inLanguage\":\"de\",\"potentialAction\":[{\"@type\":\"ReadAction\",\"target\":[\"https:\\\/\\\/www.safelift.se\\\/de\\\/arbeitsunfalle-beseitigen\\\/\"]}]},{\"@type\":\"ImageObject\",\"inLanguage\":\"de\",\"@id\":\"https:\\\/\\\/www.safelift.se\\\/de\\\/arbeitsunfalle-beseitigen\\\/#primaryimage\",\"url\":\"https:\\\/\\\/www.safelift.se\\\/wp-content\\\/uploads\\\/swe.gif\",\"contentUrl\":\"https:\\\/\\\/www.safelift.se\\\/wp-content\\\/uploads\\\/swe.gif\"},{\"@type\":\"BreadcrumbList\",\"@id\":\"https:\\\/\\\/www.safelift.se\\\/de\\\/arbeitsunfalle-beseitigen\\\/#breadcrumb\",\"itemListElement\":[{\"@type\":\"ListItem\",\"position\":1,\"name\":\"Hem\",\"item\":\"https:\\\/\\\/www.safelift.se\\\/de\\\/\"},{\"@type\":\"ListItem\",\"position\":2,\"name\":\"Arbeitsunf\u00e4lle beseitigen\"}]},{\"@type\":\"WebSite\",\"@id\":\"https:\\\/\\\/www.safelift.se\\\/en\\\/#website\",\"url\":\"https:\\\/\\\/www.safelift.se\\\/en\\\/\",\"name\":\"Safelift\",\"description\":\"S\u00e4ulenlifte f\u00fcr den Innenbereich\",\"publisher\":{\"@id\":\"https:\\\/\\\/www.safelift.se\\\/en\\\/#organization\"},\"potentialAction\":[{\"@type\":\"SearchAction\",\"target\":{\"@type\":\"EntryPoint\",\"urlTemplate\":\"https:\\\/\\\/www.safelift.se\\\/en\\\/?s={search_term_string}\"},\"query-input\":{\"@type\":\"PropertyValueSpecification\",\"valueRequired\":true,\"valueName\":\"search_term_string\"}}],\"inLanguage\":\"de\"},{\"@type\":\"Organization\",\"@id\":\"https:\\\/\\\/www.safelift.se\\\/en\\\/#organization\",\"name\":\"Safelift\",\"url\":\"https:\\\/\\\/www.safelift.se\\\/en\\\/\",\"logo\":{\"@type\":\"ImageObject\",\"inLanguage\":\"de\",\"@id\":\"https:\\\/\\\/www.safelift.se\\\/en\\\/#\\\/schema\\\/logo\\\/image\\\/\",\"url\":\"https:\\\/\\\/www.safelift.se\\\/wp-content\\\/uploads\\\/platta.gif\",\"contentUrl\":\"https:\\\/\\\/www.safelift.se\\\/wp-content\\\/uploads\\\/platta.gif\",\"width\":487,\"height\":267,\"caption\":\"Safelift\"},\"image\":{\"@id\":\"https:\\\/\\\/www.safelift.se\\\/en\\\/#\\\/schema\\\/logo\\\/image\\\/\"},\"sameAs\":[\"https:\\\/\\\/www.facebook.com\\\/Safelift\\\/\"]}]}<\/script>\n<!-- \/ Yoast SEO plugin. -->","yoast_head_json":{"title":"Arbeitsunf\u00e4lle beseitigen - Safelift - S\u00e4ulenlifte f\u00fcr den Innenbereich","robots":{"index":"index","follow":"follow","max-snippet":"max-snippet:-1","max-image-preview":"max-image-preview:large","max-video-preview":"max-video-preview:-1"},"canonical":"https:\/\/www.safelift.se\/de\/arbeitsunfalle-beseitigen\/","og_locale":"de_DE","og_type":"article","og_title":"Arbeitsunf\u00e4lle beseitigen - Safelift - S\u00e4ulenlifte f\u00fcr den Innenbereich","og_description":"Vermeiden Sie Arbeitsunf\u00e4lle und maximieren Sie gleichzeitig die Produktivit\u00e4t mit Safelift: den kompaktesten und benutzerfreund&shy;lichsten Mastb\u00fchnen der WeltSafelift bietet die sichersten Mastb\u00fchnen der Welt an. Indem Sie gef\u00e4hrliche Trittleitern durch die modernen Mastb\u00fchnen aus schwedischer Produktion von Safelift ersetzen, erf\u00fcllen Sie nicht nur die Sicherheitsvorschriften der EG-Richtlinie und EN280, sondern sorgen auch f\u00fcr die Sicherheit [&hellip;]","og_url":"https:\/\/www.safelift.se\/de\/arbeitsunfalle-beseitigen\/","og_site_name":"Safelift","article_publisher":"https:\/\/www.facebook.com\/Safelift\/","article_modified_time":"2024-09-11T11:12:16+00:00","og_image":[{"url":"https:\/\/www.safelift.se\/wp-content\/uploads\/movearound-ma50-01-1024x683.jpg","type":"","width":"","height":""}],"twitter_card":"summary_large_image","twitter_misc":{"Gesch\u00e4tzte Lesezeit":"4\u00a0Minuten"},"schema":{"@context":"https:\/\/schema.org","@graph":[{"@type":"WebPage","@id":"https:\/\/www.safelift.se\/de\/arbeitsunfalle-beseitigen\/","url":"https:\/\/www.safelift.se\/de\/arbeitsunfalle-beseitigen\/","name":"Arbeitsunf\u00e4lle beseitigen - Safelift - S\u00e4ulenlifte f\u00fcr den Innenbereich","isPartOf":{"@id":"https:\/\/www.safelift.se\/en\/#website"},"primaryImageOfPage":{"@id":"https:\/\/www.safelift.se\/de\/arbeitsunfalle-beseitigen\/#primaryimage"},"image":{"@id":"https:\/\/www.safelift.se\/de\/arbeitsunfalle-beseitigen\/#primaryimage"},"thumbnailUrl":"https:\/\/www.safelift.se\/wp-content\/uploads\/swe.gif","datePublished":"2023-11-24T10:09:46+00:00","dateModified":"2024-09-11T11:12:16+00:00","breadcrumb":{"@id":"https:\/\/www.safelift.se\/de\/arbeitsunfalle-beseitigen\/#breadcrumb"},"inLanguage":"de","potentialAction":[{"@type":"ReadAction","target":["https:\/\/www.safelift.se\/de\/arbeitsunfalle-beseitigen\/"]}]},{"@type":"ImageObject","inLanguage":"de","@id":"https:\/\/www.safelift.se\/de\/arbeitsunfalle-beseitigen\/#primaryimage","url":"https:\/\/www.safelift.se\/wp-content\/uploads\/swe.gif","contentUrl":"https:\/\/www.safelift.se\/wp-content\/uploads\/swe.gif"},{"@type":"BreadcrumbList","@id":"https:\/\/www.safelift.se\/de\/arbeitsunfalle-beseitigen\/#breadcrumb","itemListElement":[{"@type":"ListItem","position":1,"name":"Hem","item":"https:\/\/www.safelift.se\/de\/"},{"@type":"ListItem","position":2,"name":"Arbeitsunf\u00e4lle beseitigen"}]},{"@type":"WebSite","@id":"https:\/\/www.safelift.se\/en\/#website","url":"https:\/\/www.safelift.se\/en\/","name":"Safelift","description":"S\u00e4ulenlifte f\u00fcr den Innenbereich","publisher":{"@id":"https:\/\/www.safelift.se\/en\/#organization"},"potentialAction":[{"@type":"SearchAction","target":{"@type":"EntryPoint","urlTemplate":"https:\/\/www.safelift.se\/en\/?s={search_term_string}"},"query-input":{"@type":"PropertyValueSpecification","valueRequired":true,"valueName":"search_term_string"}}],"inLanguage":"de"},{"@type":"Organization","@id":"https:\/\/www.safelift.se\/en\/#organization","name":"Safelift","url":"https:\/\/www.safelift.se\/en\/","logo":{"@type":"ImageObject","inLanguage":"de","@id":"https:\/\/www.safelift.se\/en\/#\/schema\/logo\/image\/","url":"https:\/\/www.safelift.se\/wp-content\/uploads\/platta.gif","contentUrl":"https:\/\/www.safelift.se\/wp-content\/uploads\/platta.gif","width":487,"height":267,"caption":"Safelift"},"image":{"@id":"https:\/\/www.safelift.se\/en\/#\/schema\/logo\/image\/"},"sameAs":["https:\/\/www.facebook.com\/Safelift\/"]}]}},"_links":{"self":[{"href":"https:\/\/www.safelift.se\/de\/wp-json\/wp\/v2\/pages\/13749","targetHints":{"allow":["GET"]}}],"collection":[{"href":"https:\/\/www.safelift.se\/de\/wp-json\/wp\/v2\/pages"}],"about":[{"href":"https:\/\/www.safelift.se\/de\/wp-json\/wp\/v2\/types\/page"}],"author":[{"embeddable":true,"href":"https:\/\/www.safelift.se\/de\/wp-json\/wp\/v2\/users\/1"}],"replies":[{"embeddable":true,"href":"https:\/\/www.safelift.se\/de\/wp-json\/wp\/v2\/comments?post=13749"}],"version-history":[{"count":0,"href":"https:\/\/www.safelift.se\/de\/wp-json\/wp\/v2\/pages\/13749\/revisions"}],"wp:attachment":[{"href":"https:\/\/www.safelift.se\/de\/wp-json\/wp\/v2\/media?parent=13749"}],"curies":[{"name":"wp","href":"https:\/\/api.w.org\/{rel}","templated":true}]}}