{"id":14222,"date":"2024-01-31T13:24:05","date_gmt":"2024-01-31T12:24:05","guid":{"rendered":"https:\/\/www.safelift.se\/demo\/"},"modified":"2024-08-15T09:19:09","modified_gmt":"2024-08-15T07:19:09","slug":"demo","status":"publish","type":"page","link":"https:\/\/www.safelift.se\/da\/demo\/","title":{"rendered":"Safelift Demo"},"content":{"rendered":"<p>[et_pb_section fb_built=&#8221;1&#8243; module_id=&#8221;landingpage-logo&#8221; _builder_version=&#8221;4.17.3&#8243; _module_preset=&#8221;default&#8221; background_color=&#8221;#222222&#8243; custom_padding=&#8221;30px||30px|||&#8221; global_colors_info=&#8221;{}&#8221;][et_pb_row _builder_version=&#8221;4.17.3&#8243; _module_preset=&#8221;default&#8221; custom_padding=&#8221;0px||0px|||&#8221; global_colors_info=&#8221;{}&#8221;][et_pb_column type=&#8221;4_4&#8243; _builder_version=&#8221;4.17.3&#8243; _module_preset=&#8221;default&#8221; global_colors_info=&#8221;{}&#8221;][et_pb_image src=&#8221;https:\/\/www.safelift.se\/wp-content\/uploads\/logo-safelift-white.png&#8221; alt=&#8221;Safelift Pelarliftar&#8221; title_text=&#8221;Safelift Pelarliftar&#8221; _builder_version=&#8221;4.17.3&#8243; _module_preset=&#8221;default&#8221; global_colors_info=&#8221;{}&#8221;][\/et_pb_image][\/et_pb_column][\/et_pb_row][\/et_pb_section][et_pb_section fb_built=&#8221;1&#8243; _builder_version=&#8221;4.16&#8243; global_colors_info=&#8221;{}&#8221;][et_pb_row make_equal=&#8221;on&#8221; _builder_version=&#8221;4.17.3&#8243; background_size=&#8221;initial&#8221; background_position=&#8221;top_left&#8221; background_repeat=&#8221;repeat&#8221; global_colors_info=&#8221;{}&#8221;][et_pb_column type=&#8221;4_4&#8243; _builder_version=&#8221;4.16&#8243; custom_padding=&#8221;|||&#8221; global_colors_info=&#8221;{}&#8221; custom_padding__hover=&#8221;|||&#8221;][et_pb_text _builder_version=&#8221;4.27.0&#8243; header_font=&#8221;|||on|||||&#8221; header_text_align=&#8221;center&#8221; header_2_font=&#8221;|||on|||||&#8221; header_2_text_align=&#8221;center&#8221; header_2_font_size=&#8221;35px&#8221; header_2_line_height=&#8221;1.2em&#8221; header_font_size_tablet=&#8221;&#8221; header_font_size_phone=&#8221;&#8221; header_font_size_last_edited=&#8221;on|phone&#8221; header_2_font_size_tablet=&#8221;35px&#8221; header_2_font_size_phone=&#8221;&#8221; header_2_font_size_last_edited=&#8221;on|phone&#8221; global_colors_info=&#8221;{}&#8221;]<\/p>\n<h1>ER SAFELIFT RIGTIGT FOR DIN VIRKSOMHED?<\/h1>\n<h2>Pr\u00f8v 2 uger gratis!<\/h2>\n<p>[\/et_pb_text][\/et_pb_column][\/et_pb_row][et_pb_row make_equal=&#8221;on&#8221; _builder_version=&#8221;4.24.0&#8243; background_size=&#8221;initial&#8221; background_position=&#8221;top_left&#8221; background_repeat=&#8221;repeat&#8221; global_colors_info=&#8221;{}&#8221;][et_pb_column type=&#8221;4_4&#8243; _builder_version=&#8221;4.16&#8243; custom_padding=&#8221;|||&#8221; global_colors_info=&#8221;{}&#8221; custom_padding__hover=&#8221;|||&#8221;][et_pb_text _builder_version=&#8221;4.24.0&#8243; text_font_size=&#8221;20px&#8221; global_colors_info=&#8221;{}&#8221;]<\/p>\n<p>Dra nytta av v\u00e5rt erbjudande, prova en lift helt utan kostnad i hela tv\u00e5 veckor \u2013 vi bjuder \u00e4ven p\u00e5 frakten tur och retur.<\/p>\n<p>Ja, du l\u00e4ste r\u00e4tt. Vi erbjuder er att kostnadsfritt testa en Safelift p\u00e5 er arbetsplats under tv\u00e5 veckor, och vi st\u00e5r f\u00f6r alla kostnader. Detta g\u00f6r vi f\u00f6r att \u00f6vertyga er om att Safelift uppfyller era specifika behov och att v\u00e5r svensktillverkade produkt \u00e4r av h\u00f6gsta kvalitet.<\/p>\n<p>[\/et_pb_text][\/et_pb_column][\/et_pb_row][\/et_pb_section][et_pb_section fb_built=&#8221;1&#8243; module_id=&#8221;fancy-numbers-h3&#8243; module_class=&#8221;graybg&#8221; _builder_version=&#8221;4.24.0&#8243; global_colors_info=&#8221;{}&#8221;][et_pb_row _builder_version=&#8221;4.24.0&#8243; _module_preset=&#8221;default&#8221; global_colors_info=&#8221;{}&#8221;][et_pb_column type=&#8221;4_4&#8243; _builder_version=&#8221;4.24.0&#8243; _module_preset=&#8221;default&#8221; global_colors_info=&#8221;{}&#8221;][et_pb_text _builder_version=&#8221;4.27.0&#8243; _module_preset=&#8221;default&#8221; header_2_font=&#8221;|||on|||||&#8221; header_2_font_size=&#8221;35px&#8221; global_colors_info=&#8221;{}&#8221;]<\/p>\n<h2 style=\"text-align: center;\">Hvordan virker det?<\/h2>\n<p>[\/et_pb_text][\/et_pb_column][\/et_pb_row][et_pb_row column_structure=&#8221;1_2,1_2&#8243; make_equal=&#8221;on&#8221; module_class=&#8221;image-right&#8221; _builder_version=&#8221;4.24.0&#8243; background_size=&#8221;initial&#8221; background_position=&#8221;top_left&#8221; background_repeat=&#8221;repeat&#8221; custom_margin_tablet=&#8221;||20px||false|false&#8221; custom_margin_phone=&#8221;||20px||false|false&#8221; custom_margin_last_edited=&#8221;on|tablet&#8221; global_colors_info=&#8221;{}&#8221;][et_pb_column type=&#8221;1_2&#8243; module_class=&#8221;vertical-align&#8221; _builder_version=&#8221;4.24.0&#8243; custom_padding=&#8221;||||false|false&#8221; global_colors_info=&#8221;{}&#8221; custom_padding__hover=&#8221;|||&#8221;][et_pb_text _builder_version=&#8221;4.27.0&#8243; text_font_size=&#8221;20px&#8221; header_3_font_size=&#8221;23px&#8221; hover_enabled=&#8221;0&#8243; global_colors_info=&#8221;{}&#8221; sticky_enabled=&#8221;0&#8243;]<\/p>\n<h3>Din demolift leveres med spedit\u00f8r<\/h3>\n<p>Safelift leveres p\u00e5 EU-palle med vores spedit\u00f8r. Fragtmetoden sikrer, at liften n\u00e5r dig i optimal stand, med n\u00f8je overv\u00e5get h\u00e5ndtering under hele transporten for at sikre en sikker og effektiv levering.<\/p>\n<p>[\/et_pb_text][\/et_pb_column][et_pb_column type=&#8221;1_2&#8243; _builder_version=&#8221;4.24.0&#8243; custom_padding=&#8221;||||false|false&#8221; global_colors_info=&#8221;{}&#8221; custom_padding__hover=&#8221;|||&#8221;][et_pb_image src=&#8221;https:\/\/www.safelift.se\/wp-content\/uploads\/levererans.gif&#8221; alt=&#8221;Din demolift leveres med spedit\u00f8r&#8221; title_text=&#8221;Din demolift leveres med spedit\u00f8r&#8221; _builder_version=&#8221;4.27.0&#8243; _module_preset=&#8221;default&#8221; hover_enabled=&#8221;0&#8243; global_colors_info=&#8221;{}&#8221; sticky_enabled=&#8221;0&#8243;][\/et_pb_image][\/et_pb_column][\/et_pb_row][et_pb_row column_structure=&#8221;1_2,1_2&#8243; make_equal=&#8221;on&#8221; _builder_version=&#8221;4.24.0&#8243; background_size=&#8221;initial&#8221; background_position=&#8221;top_left&#8221; background_repeat=&#8221;repeat&#8221; custom_margin_tablet=&#8221;||20px||false|false&#8221; custom_margin_phone=&#8221;||20px||false|false&#8221; custom_margin_last_edited=&#8221;on|tablet&#8221; global_colors_info=&#8221;{}&#8221;][et_pb_column type=&#8221;1_2&#8243; _builder_version=&#8221;4.24.0&#8243; custom_padding=&#8221;|||&#8221; global_colors_info=&#8221;{}&#8221; custom_padding__hover=&#8221;|||&#8221;][et_pb_image src=&#8221;https:\/\/www.safelift.se\/wp-content\/uploads\/avlastning.gif&#8221; alt=&#8221;Afl\u00e6sning: Rulles nemt af EU-pallen&#8221; title_text=&#8221;Afl\u00e6sning: Rulles nemt af EU-pallen&#8221; _builder_version=&#8221;4.27.0&#8243; _module_preset=&#8221;default&#8221; hover_enabled=&#8221;0&#8243; global_colors_info=&#8221;{}&#8221; sticky_enabled=&#8221;0&#8243;][\/et_pb_image][\/et_pb_column][et_pb_column type=&#8221;1_2&#8243; module_class=&#8221;vertical-align&#8221; _builder_version=&#8221;4.24.0&#8243; custom_padding=&#8221;|||&#8221; global_colors_info=&#8221;{}&#8221; custom_padding__hover=&#8221;|||&#8221;][et_pb_text _builder_version=&#8221;4.27.0&#8243; text_font_size=&#8221;20px&#8221; header_3_font_size=&#8221;23px&#8221; hover_enabled=&#8221;0&#8243; global_colors_info=&#8221;{}&#8221; sticky_enabled=&#8221;0&#8243;]<\/p>\n<h3>Afl\u00e6sning: Rulles nemt af EU-pallen<\/h3>\n<p>Demoliften afl\u00e6sses nemt fra EU-pallen med den medf\u00f8lgende rampe, hvilket sparer tid og muligg\u00f8r hurtig igangs\u00e6ttelse af testen.<\/p>\n<p>[\/et_pb_text][\/et_pb_column][\/et_pb_row][et_pb_row column_structure=&#8221;1_2,1_2&#8243; make_equal=&#8221;on&#8221; module_class=&#8221;image-right&#8221; _builder_version=&#8221;4.24.0&#8243; background_size=&#8221;initial&#8221; background_position=&#8221;top_left&#8221; background_repeat=&#8221;repeat&#8221; global_colors_info=&#8221;{}&#8221;][et_pb_column type=&#8221;1_2&#8243; module_class=&#8221;vertical-align&#8221; _builder_version=&#8221;4.24.0&#8243; custom_padding=&#8221;|||&#8221; global_colors_info=&#8221;{}&#8221; custom_padding__hover=&#8221;|||&#8221;][et_pb_text _builder_version=&#8221;4.27.0&#8243; text_font_size=&#8221;20px&#8221; header_3_font_size=&#8221;23px&#8221; hover_enabled=&#8221;0&#8243; global_colors_info=&#8221;{}&#8221; sticky_enabled=&#8221;0&#8243;]<\/p>\n<h3>Retur: Som den blev losset, men vendt<\/h3>\n<p>Ved returnering l\u00e6sses din demolift p\u00e5 EU-pallen efter samme brugervenlige metode som ved afl\u00e6sning. Processen sikrer enkel, sikker og ergonomisk l\u00e6sning, hvor liften hurtigt og smidigt sikres inden returtransporten.<\/p>\n<p>[\/et_pb_text][\/et_pb_column][et_pb_column type=&#8221;1_2&#8243; _builder_version=&#8221;4.24.0&#8243; custom_padding=&#8221;|||&#8221; global_colors_info=&#8221;{}&#8221; custom_padding__hover=&#8221;|||&#8221;][et_pb_image src=&#8221;https:\/\/www.safelift.se\/wp-content\/uploads\/lastning.gif&#8221; alt=&#8221;Retur: Som den blev losset, men vendt&#8221; title_text=&#8221;Retur: Som den blev losset, men vendt&#8221; _builder_version=&#8221;4.27.0&#8243; _module_preset=&#8221;default&#8221; hover_enabled=&#8221;0&#8243; global_colors_info=&#8221;{}&#8221; sticky_enabled=&#8221;0&#8243;][\/et_pb_image][\/et_pb_column][\/et_pb_row][\/et_pb_section]<\/p>\n","protected":false},"excerpt":{"rendered":"<p>ER SAFELIFT RIGTIGT FOR DIN VIRKSOMHED? Pr\u00f8v 2 uger gratis!Dra nytta av v\u00e5rt erbjudande, prova en lift helt utan kostnad i hela tv\u00e5 veckor \u2013 vi bjuder \u00e4ven p\u00e5 frakten tur och retur. Ja, du l\u00e4ste r\u00e4tt. Vi erbjuder er att kostnadsfritt testa en Safelift p\u00e5 er arbetsplats under tv\u00e5 veckor, och vi st\u00e5r f\u00f6r [&hellip;]<\/p>\n","protected":false},"author":1,"featured_media":0,"parent":0,"menu_order":0,"comment_status":"closed","ping_status":"closed","template":"","meta":{"_et_pb_use_builder":"on","_et_pb_old_content":"","_et_gb_content_width":"","footnotes":""},"class_list":["post-14222","page","type-page","status-publish","hentry"],"yoast_head":"<!-- This site is optimized with the Yoast SEO plugin v27.5 - https:\/\/yoast.com\/product\/yoast-seo-wordpress\/ -->\n<title>Safelift Demo - Safelift - Pelarliftar f\u00f6r s\u00e4kert arbete inomhus<\/title>\n<meta name=\"robots\" content=\"index, follow, max-snippet:-1, max-image-preview:large, max-video-preview:-1\" \/>\n<link rel=\"canonical\" href=\"https:\/\/www.safelift.se\/da\/demo\/\" \/>\n<meta property=\"og:locale\" content=\"da_DK\" \/>\n<meta property=\"og:type\" content=\"article\" \/>\n<meta property=\"og:title\" content=\"Safelift Demo - Safelift - Pelarliftar f\u00f6r s\u00e4kert arbete inomhus\" \/>\n<meta property=\"og:description\" content=\"ER SAFELIFT RIGTIGT FOR DIN VIRKSOMHED? Pr\u00f8v 2 uger gratis!Dra nytta av v\u00e5rt erbjudande, prova en lift helt utan kostnad i hela tv\u00e5 veckor \u2013 vi bjuder \u00e4ven p\u00e5 frakten tur och retur. Ja, du l\u00e4ste r\u00e4tt. Vi erbjuder er att kostnadsfritt testa en Safelift p\u00e5 er arbetsplats under tv\u00e5 veckor, och vi st\u00e5r f\u00f6r [&hellip;]\" \/>\n<meta property=\"og:url\" content=\"https:\/\/www.safelift.se\/da\/demo\/\" \/>\n<meta property=\"og:site_name\" content=\"Safelift\" \/>\n<meta property=\"article:publisher\" content=\"https:\/\/www.facebook.com\/Safelift\/\" \/>\n<meta property=\"article:modified_time\" content=\"2024-08-15T07:19:09+00:00\" \/>\n<meta property=\"og:image\" content=\"https:\/\/www.safelift.se\/wp-content\/uploads\/yoast-default.jpg\" \/>\n\t<meta property=\"og:image:width\" content=\"1200\" \/>\n\t<meta property=\"og:image:height\" content=\"675\" \/>\n\t<meta property=\"og:image:type\" content=\"image\/jpeg\" \/>\n<meta name=\"twitter:card\" content=\"summary_large_image\" \/>\n<meta name=\"twitter:label1\" content=\"Estimeret l\u00e6setid\" \/>\n\t<meta name=\"twitter:data1\" content=\"3 minutter\" \/>\n<script type=\"application\/ld+json\" class=\"yoast-schema-graph\">{\"@context\":\"https:\\\/\\\/schema.org\",\"@graph\":[{\"@type\":\"WebPage\",\"@id\":\"https:\\\/\\\/www.safelift.se\\\/da\\\/demo\\\/\",\"url\":\"https:\\\/\\\/www.safelift.se\\\/da\\\/demo\\\/\",\"name\":\"Safelift Demo - Safelift - Pelarliftar f\u00f6r s\u00e4kert arbete inomhus\",\"isPartOf\":{\"@id\":\"https:\\\/\\\/www.safelift.se\\\/en\\\/#website\"},\"datePublished\":\"2024-01-31T12:24:05+00:00\",\"dateModified\":\"2024-08-15T07:19:09+00:00\",\"breadcrumb\":{\"@id\":\"https:\\\/\\\/www.safelift.se\\\/da\\\/demo\\\/#breadcrumb\"},\"inLanguage\":\"da-DK\",\"potentialAction\":[{\"@type\":\"ReadAction\",\"target\":[\"https:\\\/\\\/www.safelift.se\\\/da\\\/demo\\\/\"]}]},{\"@type\":\"BreadcrumbList\",\"@id\":\"https:\\\/\\\/www.safelift.se\\\/da\\\/demo\\\/#breadcrumb\",\"itemListElement\":[{\"@type\":\"ListItem\",\"position\":1,\"name\":\"Hem\",\"item\":\"https:\\\/\\\/www.safelift.se\\\/da\\\/\"},{\"@type\":\"ListItem\",\"position\":2,\"name\":\"Safelift Demo\"}]},{\"@type\":\"WebSite\",\"@id\":\"https:\\\/\\\/www.safelift.se\\\/en\\\/#website\",\"url\":\"https:\\\/\\\/www.safelift.se\\\/en\\\/\",\"name\":\"Safelift\",\"description\":\"Pelarliftar f\u00f6r s\u00e4kert arbete inomhus\",\"publisher\":{\"@id\":\"https:\\\/\\\/www.safelift.se\\\/en\\\/#organization\"},\"potentialAction\":[{\"@type\":\"SearchAction\",\"target\":{\"@type\":\"EntryPoint\",\"urlTemplate\":\"https:\\\/\\\/www.safelift.se\\\/en\\\/?s={search_term_string}\"},\"query-input\":{\"@type\":\"PropertyValueSpecification\",\"valueRequired\":true,\"valueName\":\"search_term_string\"}}],\"inLanguage\":\"da-DK\"},{\"@type\":\"Organization\",\"@id\":\"https:\\\/\\\/www.safelift.se\\\/en\\\/#organization\",\"name\":\"Safelift\",\"url\":\"https:\\\/\\\/www.safelift.se\\\/en\\\/\",\"logo\":{\"@type\":\"ImageObject\",\"inLanguage\":\"da-DK\",\"@id\":\"https:\\\/\\\/www.safelift.se\\\/en\\\/#\\\/schema\\\/logo\\\/image\\\/\",\"url\":\"https:\\\/\\\/www.safelift.se\\\/wp-content\\\/uploads\\\/platta.gif\",\"contentUrl\":\"https:\\\/\\\/www.safelift.se\\\/wp-content\\\/uploads\\\/platta.gif\",\"width\":487,\"height\":267,\"caption\":\"Safelift\"},\"image\":{\"@id\":\"https:\\\/\\\/www.safelift.se\\\/en\\\/#\\\/schema\\\/logo\\\/image\\\/\"},\"sameAs\":[\"https:\\\/\\\/www.facebook.com\\\/Safelift\\\/\"]}]}<\/script>\n<!-- \/ Yoast SEO plugin. -->","yoast_head_json":{"title":"Safelift Demo - Safelift - Pelarliftar f\u00f6r s\u00e4kert arbete inomhus","robots":{"index":"index","follow":"follow","max-snippet":"max-snippet:-1","max-image-preview":"max-image-preview:large","max-video-preview":"max-video-preview:-1"},"canonical":"https:\/\/www.safelift.se\/da\/demo\/","og_locale":"da_DK","og_type":"article","og_title":"Safelift Demo - Safelift - Pelarliftar f\u00f6r s\u00e4kert arbete inomhus","og_description":"ER SAFELIFT RIGTIGT FOR DIN VIRKSOMHED? Pr\u00f8v 2 uger gratis!Dra nytta av v\u00e5rt erbjudande, prova en lift helt utan kostnad i hela tv\u00e5 veckor \u2013 vi bjuder \u00e4ven p\u00e5 frakten tur och retur. Ja, du l\u00e4ste r\u00e4tt. Vi erbjuder er att kostnadsfritt testa en Safelift p\u00e5 er arbetsplats under tv\u00e5 veckor, och vi st\u00e5r f\u00f6r [&hellip;]","og_url":"https:\/\/www.safelift.se\/da\/demo\/","og_site_name":"Safelift","article_publisher":"https:\/\/www.facebook.com\/Safelift\/","article_modified_time":"2024-08-15T07:19:09+00:00","og_image":[{"width":1200,"height":675,"url":"https:\/\/www.safelift.se\/wp-content\/uploads\/yoast-default.jpg","type":"image\/jpeg"}],"twitter_card":"summary_large_image","twitter_misc":{"Estimeret l\u00e6setid":"3 minutter"},"schema":{"@context":"https:\/\/schema.org","@graph":[{"@type":"WebPage","@id":"https:\/\/www.safelift.se\/da\/demo\/","url":"https:\/\/www.safelift.se\/da\/demo\/","name":"Safelift Demo - Safelift - Pelarliftar f\u00f6r s\u00e4kert arbete inomhus","isPartOf":{"@id":"https:\/\/www.safelift.se\/en\/#website"},"datePublished":"2024-01-31T12:24:05+00:00","dateModified":"2024-08-15T07:19:09+00:00","breadcrumb":{"@id":"https:\/\/www.safelift.se\/da\/demo\/#breadcrumb"},"inLanguage":"da-DK","potentialAction":[{"@type":"ReadAction","target":["https:\/\/www.safelift.se\/da\/demo\/"]}]},{"@type":"BreadcrumbList","@id":"https:\/\/www.safelift.se\/da\/demo\/#breadcrumb","itemListElement":[{"@type":"ListItem","position":1,"name":"Hem","item":"https:\/\/www.safelift.se\/da\/"},{"@type":"ListItem","position":2,"name":"Safelift Demo"}]},{"@type":"WebSite","@id":"https:\/\/www.safelift.se\/en\/#website","url":"https:\/\/www.safelift.se\/en\/","name":"Safelift","description":"Pelarliftar f\u00f6r s\u00e4kert arbete inomhus","publisher":{"@id":"https:\/\/www.safelift.se\/en\/#organization"},"potentialAction":[{"@type":"SearchAction","target":{"@type":"EntryPoint","urlTemplate":"https:\/\/www.safelift.se\/en\/?s={search_term_string}"},"query-input":{"@type":"PropertyValueSpecification","valueRequired":true,"valueName":"search_term_string"}}],"inLanguage":"da-DK"},{"@type":"Organization","@id":"https:\/\/www.safelift.se\/en\/#organization","name":"Safelift","url":"https:\/\/www.safelift.se\/en\/","logo":{"@type":"ImageObject","inLanguage":"da-DK","@id":"https:\/\/www.safelift.se\/en\/#\/schema\/logo\/image\/","url":"https:\/\/www.safelift.se\/wp-content\/uploads\/platta.gif","contentUrl":"https:\/\/www.safelift.se\/wp-content\/uploads\/platta.gif","width":487,"height":267,"caption":"Safelift"},"image":{"@id":"https:\/\/www.safelift.se\/en\/#\/schema\/logo\/image\/"},"sameAs":["https:\/\/www.facebook.com\/Safelift\/"]}]}},"_links":{"self":[{"href":"https:\/\/www.safelift.se\/da\/wp-json\/wp\/v2\/pages\/14222","targetHints":{"allow":["GET"]}}],"collection":[{"href":"https:\/\/www.safelift.se\/da\/wp-json\/wp\/v2\/pages"}],"about":[{"href":"https:\/\/www.safelift.se\/da\/wp-json\/wp\/v2\/types\/page"}],"author":[{"embeddable":true,"href":"https:\/\/www.safelift.se\/da\/wp-json\/wp\/v2\/users\/1"}],"replies":[{"embeddable":true,"href":"https:\/\/www.safelift.se\/da\/wp-json\/wp\/v2\/comments?post=14222"}],"version-history":[{"count":0,"href":"https:\/\/www.safelift.se\/da\/wp-json\/wp\/v2\/pages\/14222\/revisions"}],"wp:attachment":[{"href":"https:\/\/www.safelift.se\/da\/wp-json\/wp\/v2\/media?parent=14222"}],"curies":[{"name":"wp","href":"https:\/\/api.w.org\/{rel}","templated":true}]}}