{"id":13760,"date":"2024-01-30T15:32:05","date_gmt":"2024-01-30T14:32:05","guid":{"rendered":"https:\/\/www.safelift.se\/forhindra-arbetsolyckor\/"},"modified":"2024-09-19T09:58:45","modified_gmt":"2024-09-19T07:58:45","slug":"undgaa-arbejdsulykker","status":"publish","type":"page","link":"https:\/\/www.safelift.se\/da\/undgaa-arbejdsulykker\/","title":{"rendered":"Undg\u00e5 arbejdsulykker"},"content":{"rendered":"<p>[et_pb_section fb_built=&#8221;1&#8243; module_id=&#8221;landingpage-logo&#8221; _builder_version=&#8221;4.17.3&#8243; _module_preset=&#8221;default&#8221; background_color=&#8221;#222222&#8243; custom_padding=&#8221;30px||30px|||&#8221; locked=&#8221;off&#8221; global_colors_info=&#8221;{}&#8221;][et_pb_row _builder_version=&#8221;4.17.3&#8243; _module_preset=&#8221;default&#8221; custom_padding=&#8221;0px||0px|||&#8221; global_colors_info=&#8221;{}&#8221;][et_pb_column type=&#8221;4_4&#8243; _builder_version=&#8221;4.17.3&#8243; _module_preset=&#8221;default&#8221; global_colors_info=&#8221;{}&#8221;][et_pb_image src=&#8221;https:\/\/www.safelift.se\/wp-content\/uploads\/logo-safelift-white.png&#8221; alt=&#8221;Safelift Pelarliftar&#8221; title_text=&#8221;Safelift Pelarliftar&#8221; _builder_version=&#8221;4.17.3&#8243; _module_preset=&#8221;default&#8221; global_colors_info=&#8221;{}&#8221;][\/et_pb_image][\/et_pb_column][\/et_pb_row][\/et_pb_section][et_pb_section fb_built=&#8221;1&#8243; _builder_version=&#8221;4.16&#8243; custom_padding=&#8221;19px|4px||||&#8221; locked=&#8221;off&#8221; global_colors_info=&#8221;{}&#8221;][et_pb_row make_equal=&#8221;on&#8221; _builder_version=&#8221;4.23.1&#8243; background_size=&#8221;initial&#8221; background_position=&#8221;top_left&#8221; background_repeat=&#8221;repeat&#8221; max_width=&#8221;800px&#8221; global_colors_info=&#8221;{}&#8221;][et_pb_column type=&#8221;4_4&#8243; _builder_version=&#8221;4.16&#8243; custom_padding=&#8221;|||&#8221; global_colors_info=&#8221;{}&#8221; custom_padding__hover=&#8221;|||&#8221;][et_pb_text _builder_version=&#8221;4.27.0&#8243; global_colors_info=&#8221;{}&#8221;]<\/p>\n<h1>Undg\u00e5 arbejdsulykker og maksimer produktivitet med Safelift: Verdens mest kompakte og brugervenlige s\u00f8jlelift.<\/h1>\n<p>[\/et_pb_text][et_pb_image src=&#8221;https:\/\/www.safelift.se\/wp-content\/uploads\/movearound-ma50-01.jpg&#8221; alt=&#8221;S\u00f8jlelifte til indend\u00f8rs brug&#8221; title_text=&#8221;S\u00f8jlelifte til indend\u00f8rs brug&#8221; _builder_version=&#8221;4.27.0&#8243; _module_preset=&#8221;default&#8221; global_colors_info=&#8221;{}&#8221;][\/et_pb_image][et_pb_text _builder_version=&#8221;4.27.0&#8243; _module_preset=&#8221;default&#8221; global_colors_info=&#8221;{}&#8221;]<\/p>\n<p><strong>Safelift producerer verdens sikreste s\u00f8jlelift.<\/strong> Ved at erstatte farlige stiger med Safelifts avancerede, svensk-producerede s\u00f8jlelift, m\u00f8der du ikke blot ECs direktiv- og sikkerhedskrav if\u00f8lge EN280, du sikre ogs\u00e5 dine ansatte, undg\u00e5r skader p\u00e5 udstyr og optimerer arbejdes flow med de bekvemt indbyggede funktioner.<em><\/em><\/p>\n<ul style=\"margin-top: 20px;\">\n<li style=\"margin-top: 10px;\"><strong>KOMPAKT<\/strong> \u2013 Ikke som din traditionelle klodsede saxlift. Safelifts lifte er yderst mobile, kompakte, lette og er stadig st\u00e6rke nok til at kunne l\u00f8fte op til 180 kg.<\/li>\n<li style=\"margin-top: 10px;\"><strong>NEM AT BRUGE<\/strong>\u00a0\u2013 Nem at l\u00e6se, bruge og vedligeholde uden nogen l\u00e6ringskurve for en nem integration uden besv\u00e6r.<\/li>\n<li style=\"margin-top: 10px;\"><strong>TOP KLASSE SIKKERHED<\/strong>\u00a0\u2013 Ansatte kan risikere seri\u00f8se skader og endda d\u00f8d, n\u00e5r der bruges stiger. At opgradere til Safelift fjerner mulige ulykker og ansvar.<\/li>\n<\/ul>\n<p>[\/et_pb_text][et_pb_button button_url=&#8221;#landingpage-form&#8221; button_text=&#8221;F\u00e5 brochure og priser&#8221; button_alignment=&#8221;center&#8221; module_class=&#8221;rv_button_1 rv_button_closed&#8221; _builder_version=&#8221;4.27.0&#8243; _module_preset=&#8221;default&#8221; locked=&#8221;off&#8221; global_colors_info=&#8221;{}&#8221;][\/et_pb_button][\/et_pb_column][\/et_pb_row][et_pb_row make_equal=&#8221;on&#8221; module_class=&#8221;image-right&#8221; _builder_version=&#8221;4.17.3&#8243; background_size=&#8221;initial&#8221; background_position=&#8221;top_left&#8221; background_repeat=&#8221;repeat&#8221; max_width=&#8221;800px&#8221; global_colors_info=&#8221;{}&#8221;][et_pb_column type=&#8221;4_4&#8243; _builder_version=&#8221;4.16&#8243; custom_padding=&#8221;|||&#8221; global_colors_info=&#8221;{}&#8221; custom_padding__hover=&#8221;|||&#8221;][et_pb_text _builder_version=&#8221;4.24.0&#8243; global_colors_info=&#8221;{}&#8221;]<\/p>\n<h2>Et skridt op fra trinene<\/h2>\n<p>[\/et_pb_text][et_pb_image src=&#8221;https:\/\/www.safelift.se\/wp-content\/uploads\/ladder-falling.gif&#8221; alt=&#8221;Det oplagte valg i stedet for stiger&#8221; title_text=&#8221;Det oplagte valg i stedet for stiger&#8221; align=&#8221;center&#8221; force_fullwidth=&#8221;on&#8221; _builder_version=&#8221;4.27.0&#8243; _module_preset=&#8221;default&#8221; global_colors_info=&#8221;{}&#8221;][\/et_pb_image][et_pb_text _builder_version=&#8221;4.27.0&#8243; _module_preset=&#8221;default&#8221; global_colors_info=&#8221;{}&#8221;]<\/p>\n<p>Med omfattende \u00e5rlige rapporter om arbejdere, som lider seri\u00f8st efter skader af fald fra stiger, er fabrikschefer, teknikere og administrerende direkt\u00f8rer begyndt at steppe op for at foretage en sikkerheds\u00e6ndring.<\/p>\n<blockquote>\n<p>Potentialet for seri\u00f8se faldskader b\u00f8r der ikke ses let p\u00e5. Et fald fra s\u00e5 lidt som en meter kan sende en ansat p\u00e5 skadestuen eller v\u00e6rre.<\/p>\n<\/blockquote>\n<p><em>Det er her Safelift tilbyder en l\u00f8sning som Fjerner risikoen for arbejdsskader og integreres problemfrit ind i din virksomhed uden nogen l\u00e6ringskurve.<\/em><\/p>\n<p>[\/et_pb_text][\/et_pb_column][\/et_pb_row][et_pb_row make_equal=&#8221;on&#8221; module_class=&#8221;image-right&#8221; _builder_version=&#8221;4.17.3&#8243; background_size=&#8221;initial&#8221; background_position=&#8221;top_left&#8221; background_repeat=&#8221;repeat&#8221; max_width=&#8221;800px&#8221; global_colors_info=&#8221;{}&#8221;][et_pb_column type=&#8221;4_4&#8243; _builder_version=&#8221;4.16&#8243; custom_padding=&#8221;|||&#8221; global_colors_info=&#8221;{}&#8221; custom_padding__hover=&#8221;|||&#8221;][et_pb_text _builder_version=&#8221;4.27.0&#8243; _module_preset=&#8221;default&#8221; global_colors_info=&#8221;{}&#8221;]<\/p>\n<h2>Hvordan Safelift \u00f8ger arbejdsm\u00e6ssig sikkerhed<\/h2>\n<p>Godkendt og brugt af det store svenske m\u00e6rke IKEA og over 2000 andre arbejdspladser er Safelift det nemme valg n\u00e5r det kommer til s\u00f8jlelifte.<\/p>\n<p><strong>Safelift hj\u00e6lper med at opn\u00e5 2 hovedm\u00e5l:<\/strong><\/p>\n<ul>\n<li><span>Sikre arbejdssikkerhed ved at undg\u00e5 arbejdsm\u00e6ssige skader<\/span><\/li>\n<li><span>Sikre overholdelse af ECs direktiv og EN280 sikkerhedsregulering.<\/span><\/li>\n<\/ul>\n<p><strong>Safelifts tilbyder ogs\u00e5 en stor r\u00e6kkevidde af funktioner for at forbedre effektivitet og brugervenlighed, s\u00e5 som:<\/strong><\/p>\n<ul style=\"margin-top: 20px;\">\n<li>Nem vedligeholdelse med nem opladning og vedligeholdelses funktioner.<\/li>\n<li>Personlige sikkerhed med funktioner som anhugningskrog, n\u00f8dstop og n\u00f8ds\u00e6nkning.<\/li>\n<li>Let og agilt design for nem transport og mulighed for at komme igennem d\u00f8re.<\/li>\n<li>Smarte funktioner s\u00e5 som hjulafkobling, USB-porte og dedikeret opbevaringsplads til v\u00e6rkt\u00f8j.<\/li>\n<li>En alsidig produktlinje, som m\u00f8der alle behov, store eller sm\u00e5.<\/li>\n<li>Kompakt og brugervenligt design for nem opbevaring.<\/li>\n<\/ul>\n<p>[\/et_pb_text][et_pb_button button_url=&#8221;#landingpage-form&#8221; button_text=&#8221;F\u00e5 brochure og priser&#8221; button_alignment=&#8221;center&#8221; module_class=&#8221;rv_button_1 rv_button_closed&#8221; _builder_version=&#8221;4.27.0&#8243; _module_preset=&#8221;default&#8221; locked=&#8221;off&#8221; global_colors_info=&#8221;{}&#8221;][\/et_pb_button][\/et_pb_column][\/et_pb_row][et_pb_row make_equal=&#8221;on&#8221; _builder_version=&#8221;4.17.3&#8243; background_size=&#8221;initial&#8221; background_position=&#8221;top_left&#8221; background_repeat=&#8221;repeat&#8221; max_width=&#8221;800px&#8221; global_colors_info=&#8221;{}&#8221;][et_pb_column type=&#8221;4_4&#8243; _builder_version=&#8221;4.16&#8243; custom_padding=&#8221;|||&#8221; global_colors_info=&#8221;{}&#8221; custom_padding__hover=&#8221;|||&#8221;][et_pb_text _builder_version=&#8221;4.24.0&#8243; global_colors_info=&#8221;{}&#8221;]<\/p>\n<h2>Den nye generation af s\u00f8jlelifte<\/h2>\n<p>[\/et_pb_text][et_pb_image src=&#8221;https:\/\/www.safelift.se\/wp-content\/uploads\/comparing2.gif&#8221; alt=&#8221;Den nye generation af s\u00f8jlelifte&#8221; title_text=&#8221;Den nye generation af s\u00f8jlelifte&#8221; align=&#8221;center&#8221; force_fullwidth=&#8221;on&#8221; _builder_version=&#8221;4.27.0&#8243; _module_preset=&#8221;default&#8221; global_colors_info=&#8221;{}&#8221;][\/et_pb_image][et_pb_text _builder_version=&#8221;4.24.0&#8243; global_colors_info=&#8221;{}&#8221;]Grundlagt i 2010 med en dedikeret mission om at forbedre arbejdssikkerhed, opstod Safelift som en banebrydende kr\u00e6ft i h\u00f8jdernes felt. Originalt fra Sverige, bygger Safelift lifte som med stolthed b\u00e6rer det prestigefyldte CE m\u00e6rke og f\u00f8lger de strikse sikkerhedsstandarden sat af EU direktivet og EN280.<\/p>\n<p>Introduktionen af innovative modeller s\u00e5 som PushAround og MoveAround serierne i 2013 grundlagde Safelifts engagement for fortsat forbedring. Centralt i sin excellence er produktudviklingen og samlingsstedet i V\u00e4xj\u00f6, Sverige, som sikrer t\u00e6t kontrol over kvalitet og funktionalitet.<\/p>\n<p>Med en \u00e5rti-lang arv transformative l\u00f8sninger, Safelift er forblevet frontl\u00f8beren i om skabning af arbejdssikkerhed, tilbyde brugervenlige alternativer til traditionelle metoder og l\u00f8fter industrien til nye standarder for sikkerhed og effektivitet.[\/et_pb_text][\/et_pb_column][\/et_pb_row][et_pb_row make_equal=&#8221;on&#8221; _builder_version=&#8221;4.17.3&#8243; background_size=&#8221;initial&#8221; background_position=&#8221;top_left&#8221; background_repeat=&#8221;repeat&#8221; max_width=&#8221;800px&#8221; global_colors_info=&#8221;{}&#8221;][et_pb_column type=&#8221;4_4&#8243; _builder_version=&#8221;4.16&#8243; custom_padding=&#8221;|||&#8221; global_colors_info=&#8221;{}&#8221; custom_padding__hover=&#8221;|||&#8221;][et_pb_text _builder_version=&#8221;4.24.0&#8243; global_colors_info=&#8221;{}&#8221;]<\/p>\n<h2>Klar til at opgradere til Safelift standarden?<\/h2>\n<p>[\/et_pb_text][et_pb_image src=&#8221;https:\/\/www.safelift.se\/wp-content\/uploads\/genomhiss.gif&#8221; alt=&#8221;Safelifts s\u00f8jlelifte er lette og sm\u00e5&#8221; title_text=&#8221;Safelifts s\u00f8jlelifte er lette og sm\u00e5&#8221; align=&#8221;center&#8221; force_fullwidth=&#8221;on&#8221; _builder_version=&#8221;4.27.0&#8243; _module_preset=&#8221;default&#8221; global_colors_info=&#8221;{}&#8221;][\/et_pb_image][et_pb_text _builder_version=&#8221;4.27.0&#8243; global_colors_info=&#8221;{}&#8221;]<\/p>\n<p>Indtil omkring \u00e5r 2000 brugte skil\u00f8bere sj\u00e6ldent hjelme. Ligesom det tog over 60 \u00e5r f\u00f8r det f\u00f8rste barnes\u00e6de i bilen var udviklet til at ramme markedet.<\/p>\n<blockquote>\n<p>Nu er det tid til at tage kontrol over arbejdssikkerhed og g\u00f8re Safelift den nye standard p\u00e5 arbejdspladser rundt p\u00e5 hele jorden.<\/p>\n<\/blockquote>\n<p>Ved at bruge Safelift p\u00e5 din arbejdsplads vil du ikke bare g\u00f8re dine arbejdere en stor tjeneste, men ogs\u00e5 undg\u00e5 risikoen for ansvar, udstyrsskade og lovm\u00e6ssige procedurer.<\/p>\n<p>Se hvilke modeller, som bedst ville passe i dit arbejdsmilj\u00f8. Hvis du gerne vil l\u00e6re mere om Safelift eller gerne vil planl\u00e6gge en demo, s\u00e5 klik nedenunder for at modtage en digital brochure og prisinformationer.<\/p>\n<p>[\/et_pb_text][et_pb_button button_url=&#8221;#landingpage-form&#8221; button_text=&#8221;F\u00e5 brochure og priser&#8221; button_alignment=&#8221;center&#8221; module_class=&#8221;rv_button_1 rv_button_closed&#8221; _builder_version=&#8221;4.27.0&#8243; _module_preset=&#8221;default&#8221; global_colors_info=&#8221;{}&#8221;][\/et_pb_button][et_pb_code _builder_version=&#8221;4.23.1&#8243; _module_preset=&#8221;default&#8221; global_colors_info=&#8221;{}&#8221;]<\/p>\n<style><!-- [et_pb_line_break_holder] -->body:not(.et-fb) .rv_element { display: none; }<!-- [et_pb_line_break_holder] -->.et_pb_button.rv_button_opened:after { content:\"\\32\"; }<!-- [et_pb_line_break_holder] -->.et_pb_button.rv_button_closed:after { content:\"\\33\"; }<!-- [et_pb_line_break_holder] --><\/style>\n<p><!-- [et_pb_line_break_holder] --><!-- [et_pb_line_break_holder] --><script><!-- [et_pb_line_break_holder] -->jQuery(function($){<!-- [et_pb_line_break_holder] -->\tvar revealButtons = {<!-- [et_pb_line_break_holder] -->\t\t'.rv_button_1': '.rv_element_1'<!-- [et_pb_line_break_holder] -->\t};<!-- [et_pb_line_break_holder] -->\t$.each(revealButtons, function(revealButton, revealElement) {<!-- [et_pb_line_break_holder] -->\t\t$(revealButton).click(function(e){<!-- [et_pb_line_break_holder] -->\t\t\te.preventDefault();<!-- [et_pb_line_break_holder] -->\t\t\t$(revealElement).slideToggle();<!-- [et_pb_line_break_holder] -->\t\t\t$(revealButton).toggleClass('rv_button_opened rv_button_closed');<!-- [et_pb_line_break_holder] -->\t\t});<!-- [et_pb_line_break_holder] -->\t});<!-- [et_pb_line_break_holder] -->});<!-- [et_pb_line_break_holder] --><\/script>[\/et_pb_code][\/et_pb_column][\/et_pb_row][\/et_pb_section][et_pb_section fb_built=&#8221;1&#8243; module_id=&#8221;landingpage-form&#8221; module_class=&#8221;rv_element rv_element_1 &#8221; _builder_version=&#8221;4.23.1&#8243; background_color=&#8221;#1a1a1a&#8221; locked=&#8221;off&#8221; global_colors_info=&#8221;{}&#8221;][et_pb_row _builder_version=&#8221;4.27.0&#8243; _module_preset=&#8221;default&#8221; global_colors_info=&#8221;{}&#8221;][et_pb_column type=&#8221;4_4&#8243; _builder_version=&#8221;4.17.3&#8243; _module_preset=&#8221;default&#8221; global_colors_info=&#8221;{}&#8221;][et_pb_contact_form captcha=&#8221;off&#8221; email=&#8221;patrick.hellstrom@safelift.se&#8221; custom_message=&#8221;Namn: %%Name%%||et_pb_line_break_holder||E-post: %%Email%%||et_pb_line_break_holder||Telefon: %%Telefon%%||et_pb_line_break_holder||Demo: %%Demo%%||et_pb_line_break_holder||Ja, jag \u00f6nskar f\u00e5 broschyr och prislista per e-post&#8221; use_redirect=&#8221;on&#8221; redirect_url=&#8221;https:\/\/www.safelift.se\/landningssidan\/tack\/&#8221; submit_button_text=&#8221;Ja, jeg \u00f8nsker en brochure og prisliste&#8221; _builder_version=&#8221;4.27.0&#8243; _module_preset=&#8221;default&#8221; _unique_id=&#8221;d43ca6c7-22fa-4dc8-aa9f-89ce8034e750&#8243; form_field_custom_margin=&#8221;||||false|false&#8221; hover_enabled=&#8221;0&#8243; custom_css_contact_button=&#8221;color: #222;&#8221; global_colors_info=&#8221;{}&#8221; sticky_enabled=&#8221;0&#8243;][et_pb_contact_field field_id=&#8221;Name&#8221; field_title=&#8221;Navn *&#8221; _builder_version=&#8221;4.27.0&#8243; custom_margin=&#8221;||10px||false|false&#8221; global_colors_info=&#8221;{}&#8221; button_text_size__hover_enabled=&#8221;off&#8221; button_one_text_size__hover_enabled=&#8221;off&#8221; button_two_text_size__hover_enabled=&#8221;off&#8221; button_text_color__hover_enabled=&#8221;off&#8221; button_one_text_color__hover_enabled=&#8221;off&#8221; button_two_text_color__hover_enabled=&#8221;off&#8221; button_border_width__hover_enabled=&#8221;off&#8221; button_one_border_width__hover_enabled=&#8221;off&#8221; button_two_border_width__hover_enabled=&#8221;off&#8221; button_border_color__hover_enabled=&#8221;off&#8221; button_one_border_color__hover_enabled=&#8221;off&#8221; button_two_border_color__hover_enabled=&#8221;off&#8221; button_border_radius__hover_enabled=&#8221;off&#8221; button_one_border_radius__hover_enabled=&#8221;off&#8221; button_two_border_radius__hover_enabled=&#8221;off&#8221; button_letter_spacing__hover_enabled=&#8221;off&#8221; button_one_letter_spacing__hover_enabled=&#8221;off&#8221; button_two_letter_spacing__hover_enabled=&#8221;off&#8221; button_bg_color__hover_enabled=&#8221;off&#8221; button_one_bg_color__hover_enabled=&#8221;off&#8221; button_two_bg_color__hover_enabled=&#8221;off&#8221;][\/et_pb_contact_field][et_pb_contact_field field_id=&#8221;Email&#8221; field_title=&#8221;Virksomhedens e-mailadresse *&#8221; field_type=&#8221;email&#8221; _builder_version=&#8221;4.27.0&#8243; custom_margin=&#8221;||10px||false|false&#8221; global_colors_info=&#8221;{}&#8221; button_text_size__hover_enabled=&#8221;off&#8221; button_one_text_size__hover_enabled=&#8221;off&#8221; button_two_text_size__hover_enabled=&#8221;off&#8221; button_text_color__hover_enabled=&#8221;off&#8221; button_one_text_color__hover_enabled=&#8221;off&#8221; button_two_text_color__hover_enabled=&#8221;off&#8221; button_border_width__hover_enabled=&#8221;off&#8221; button_one_border_width__hover_enabled=&#8221;off&#8221; button_two_border_width__hover_enabled=&#8221;off&#8221; button_border_color__hover_enabled=&#8221;off&#8221; button_one_border_color__hover_enabled=&#8221;off&#8221; button_two_border_color__hover_enabled=&#8221;off&#8221; button_border_radius__hover_enabled=&#8221;off&#8221; button_one_border_radius__hover_enabled=&#8221;off&#8221; button_two_border_radius__hover_enabled=&#8221;off&#8221; button_letter_spacing__hover_enabled=&#8221;off&#8221; button_one_letter_spacing__hover_enabled=&#8221;off&#8221; button_two_letter_spacing__hover_enabled=&#8221;off&#8221; button_bg_color__hover_enabled=&#8221;off&#8221; button_one_bg_color__hover_enabled=&#8221;off&#8221; button_two_bg_color__hover_enabled=&#8221;off&#8221;][\/et_pb_contact_field][et_pb_contact_field field_id=&#8221;Telefon&#8221; field_title=&#8221;Telefonnummer&#8221; required_mark=&#8221;off&#8221; _builder_version=&#8221;4.27.0&#8243; _module_preset=&#8221;default&#8221; global_colors_info=&#8221;{}&#8221;][\/et_pb_contact_field][et_pb_contact_field field_id=&#8221;Demo&#8221; field_title=&#8221; &#8221; field_type=&#8221;checkbox&#8221; checkbox_options=&#8221;%91{%22value%22:%22Vi \u00f8nsker en kort demonstration\/test af Safelift. %22,%22checked%22:0,%22dragID%22:-1}%93&#8243; required_mark=&#8221;off&#8221; _builder_version=&#8221;4.27.0&#8243; _module_preset=&#8221;default&#8221; hover_enabled=&#8221;0&#8243; global_colors_info=&#8221;{}&#8221; sticky_enabled=&#8221;0&#8243;][\/et_pb_contact_field][et_pb_contact_field field_id=&#8221;check&#8221; field_title=&#8221;Brug virksomhedens e-mailadresse&#8221; field_type=&#8221;checkbox&#8221; checkbox_options=&#8221;%91{%22value%22:%22Email check%22,%22checked%22:0,%22dragID%22:-1}%93&#8243; fullwidth_field=&#8221;on&#8221; conditional_logic=&#8221;on&#8221; conditional_logic_rules=&#8221;%91{%22field%22:%22email%22,%22condition%22:%22contains%22,%22value%22:%22gmail.com%22},{%22field%22:%22email%22,%22condition%22:%22contains%22,%22value%22:%22hotmail.com%22}%93&#8243; _builder_version=&#8221;4.27.0&#8243; _module_preset=&#8221;default&#8221; form_field_font=&#8221;||||||||&#8221; custom_margin=&#8221;20px||-10px||false|false&#8221; hover_enabled=&#8221;0&#8243; global_colors_info=&#8221;{}&#8221; sticky_enabled=&#8221;0&#8243;][\/et_pb_contact_field][\/et_pb_contact_form][\/et_pb_column][\/et_pb_row][\/et_pb_section][et_pb_section fb_built=&#8221;1&#8243; module_id=&#8221;landingpage-form&#8221; _builder_version=&#8221;4.17.3&#8243; background_color=&#8221;#222222&#8243; locked=&#8221;off&#8221; global_colors_info=&#8221;{}&#8221;][et_pb_row _builder_version=&#8221;4.17.3&#8243; _module_preset=&#8221;default&#8221; custom_padding=&#8221;0px||0px|||&#8221; global_colors_info=&#8221;{}&#8221;][et_pb_column type=&#8221;4_4&#8243; _builder_version=&#8221;4.17.3&#8243; _module_preset=&#8221;default&#8221; global_colors_info=&#8221;{}&#8221;][et_pb_text module_id=&#8221;sweflag&#8221; _builder_version=&#8221;4.24.2&#8243; _module_preset=&#8221;default&#8221; background_layout=&#8221;dark&#8221; global_colors_info=&#8221;{}&#8221;]<\/p>\n<p><img loading=\"lazy\" decoding=\"async\" width=\"32\" height=\"20\" src=\"https:\/\/www.safelift.se\/wp-content\/uploads\/swe.gif\" alt=\"SWE\" \/> <span>Made in Sweden<\/span><\/p>\n<p>[\/et_pb_text][\/et_pb_column][\/et_pb_row][\/et_pb_section]<\/p>\n","protected":false},"excerpt":{"rendered":"<p>Undg\u00e5 arbejdsulykker og maksimer produktivitet med Safelift: Verdens mest kompakte og brugervenlige s\u00f8jlelift.Safelift producerer verdens sikreste s\u00f8jlelift. Ved at erstatte farlige stiger med Safelifts avancerede, svensk-producerede s\u00f8jlelift, m\u00f8der du ikke blot ECs direktiv- og sikkerhedskrav if\u00f8lge EN280, du sikre ogs\u00e5 dine ansatte, undg\u00e5r skader p\u00e5 udstyr og optimerer arbejdes flow med de bekvemt indbyggede funktioner. [&hellip;]<\/p>\n","protected":false},"author":1,"featured_media":0,"parent":0,"menu_order":0,"comment_status":"closed","ping_status":"closed","template":"","meta":{"_et_pb_use_builder":"on","_et_pb_old_content":"","_et_gb_content_width":"","footnotes":""},"class_list":["post-13760","page","type-page","status-publish","hentry"],"yoast_head":"<!-- This site is optimized with the Yoast SEO plugin v27.5 - https:\/\/yoast.com\/product\/yoast-seo-wordpress\/ -->\n<title>Undg\u00e5 arbejdsulykker - Safelift - Pelarliftar f\u00f6r s\u00e4kert arbete inomhus<\/title>\n<meta name=\"description\" content=\"F\u00f6rhindra arbetsolyckor samtidigt som du maximerar produktiviteten med Safelift: V\u00e4rldens mest kompakta och anv\u00e4ndarv\u00e4nliga pelarlyftar.\" \/>\n<meta name=\"robots\" content=\"index, follow, max-snippet:-1, max-image-preview:large, max-video-preview:-1\" \/>\n<link rel=\"canonical\" href=\"https:\/\/www.safelift.se\/da\/undgaa-arbejdsulykker\/\" \/>\n<meta property=\"og:locale\" content=\"da_DK\" \/>\n<meta property=\"og:type\" content=\"article\" \/>\n<meta property=\"og:title\" content=\"Undg\u00e5 arbejdsulykker - Safelift - Pelarliftar f\u00f6r s\u00e4kert arbete inomhus\" \/>\n<meta property=\"og:description\" content=\"F\u00f6rhindra arbetsolyckor samtidigt som du maximerar produktiviteten med Safelift: V\u00e4rldens mest kompakta och anv\u00e4ndarv\u00e4nliga pelarlyftar.\" \/>\n<meta property=\"og:url\" content=\"https:\/\/www.safelift.se\/da\/undgaa-arbejdsulykker\/\" \/>\n<meta property=\"og:site_name\" content=\"Safelift\" \/>\n<meta property=\"article:publisher\" content=\"https:\/\/www.facebook.com\/Safelift\/\" \/>\n<meta property=\"article:modified_time\" content=\"2024-09-19T07:58:45+00:00\" \/>\n<meta property=\"og:image\" content=\"https:\/\/www.safelift.se\/wp-content\/uploads\/movearound-ma50-01.jpg\" \/>\n\t<meta property=\"og:image:width\" content=\"1920\" \/>\n\t<meta property=\"og:image:height\" content=\"1280\" \/>\n\t<meta property=\"og:image:type\" content=\"image\/jpeg\" \/>\n<meta name=\"twitter:card\" content=\"summary_large_image\" \/>\n<meta name=\"twitter:label1\" content=\"Estimeret l\u00e6setid\" \/>\n\t<meta name=\"twitter:data1\" content=\"4 minutter\" \/>\n<script type=\"application\/ld+json\" class=\"yoast-schema-graph\">{\"@context\":\"https:\\\/\\\/schema.org\",\"@graph\":[{\"@type\":\"WebPage\",\"@id\":\"https:\\\/\\\/www.safelift.se\\\/da\\\/undgaa-arbejdsulykker\\\/\",\"url\":\"https:\\\/\\\/www.safelift.se\\\/da\\\/undgaa-arbejdsulykker\\\/\",\"name\":\"Undg\u00e5 arbejdsulykker - Safelift - Pelarliftar f\u00f6r s\u00e4kert arbete inomhus\",\"isPartOf\":{\"@id\":\"https:\\\/\\\/www.safelift.se\\\/en\\\/#website\"},\"primaryImageOfPage\":{\"@id\":\"https:\\\/\\\/www.safelift.se\\\/da\\\/undgaa-arbejdsulykker\\\/#primaryimage\"},\"image\":{\"@id\":\"https:\\\/\\\/www.safelift.se\\\/da\\\/undgaa-arbejdsulykker\\\/#primaryimage\"},\"thumbnailUrl\":\"https:\\\/\\\/www.safelift.se\\\/wp-content\\\/uploads\\\/swe.gif\",\"datePublished\":\"2024-01-30T14:32:05+00:00\",\"dateModified\":\"2024-09-19T07:58:45+00:00\",\"description\":\"F\u00f6rhindra arbetsolyckor samtidigt som du maximerar produktiviteten med Safelift: V\u00e4rldens mest kompakta och anv\u00e4ndarv\u00e4nliga pelarlyftar.\",\"breadcrumb\":{\"@id\":\"https:\\\/\\\/www.safelift.se\\\/da\\\/undgaa-arbejdsulykker\\\/#breadcrumb\"},\"inLanguage\":\"da-DK\",\"potentialAction\":[{\"@type\":\"ReadAction\",\"target\":[\"https:\\\/\\\/www.safelift.se\\\/da\\\/undgaa-arbejdsulykker\\\/\"]}]},{\"@type\":\"ImageObject\",\"inLanguage\":\"da-DK\",\"@id\":\"https:\\\/\\\/www.safelift.se\\\/da\\\/undgaa-arbejdsulykker\\\/#primaryimage\",\"url\":\"https:\\\/\\\/www.safelift.se\\\/wp-content\\\/uploads\\\/swe.gif\",\"contentUrl\":\"https:\\\/\\\/www.safelift.se\\\/wp-content\\\/uploads\\\/swe.gif\"},{\"@type\":\"BreadcrumbList\",\"@id\":\"https:\\\/\\\/www.safelift.se\\\/da\\\/undgaa-arbejdsulykker\\\/#breadcrumb\",\"itemListElement\":[{\"@type\":\"ListItem\",\"position\":1,\"name\":\"Hem\",\"item\":\"https:\\\/\\\/www.safelift.se\\\/da\\\/\"},{\"@type\":\"ListItem\",\"position\":2,\"name\":\"Undg\u00e5 arbejdsulykker\"}]},{\"@type\":\"WebSite\",\"@id\":\"https:\\\/\\\/www.safelift.se\\\/en\\\/#website\",\"url\":\"https:\\\/\\\/www.safelift.se\\\/en\\\/\",\"name\":\"Safelift\",\"description\":\"Pelarliftar f\u00f6r s\u00e4kert arbete inomhus\",\"publisher\":{\"@id\":\"https:\\\/\\\/www.safelift.se\\\/en\\\/#organization\"},\"potentialAction\":[{\"@type\":\"SearchAction\",\"target\":{\"@type\":\"EntryPoint\",\"urlTemplate\":\"https:\\\/\\\/www.safelift.se\\\/en\\\/?s={search_term_string}\"},\"query-input\":{\"@type\":\"PropertyValueSpecification\",\"valueRequired\":true,\"valueName\":\"search_term_string\"}}],\"inLanguage\":\"da-DK\"},{\"@type\":\"Organization\",\"@id\":\"https:\\\/\\\/www.safelift.se\\\/en\\\/#organization\",\"name\":\"Safelift\",\"url\":\"https:\\\/\\\/www.safelift.se\\\/en\\\/\",\"logo\":{\"@type\":\"ImageObject\",\"inLanguage\":\"da-DK\",\"@id\":\"https:\\\/\\\/www.safelift.se\\\/en\\\/#\\\/schema\\\/logo\\\/image\\\/\",\"url\":\"https:\\\/\\\/www.safelift.se\\\/wp-content\\\/uploads\\\/platta.gif\",\"contentUrl\":\"https:\\\/\\\/www.safelift.se\\\/wp-content\\\/uploads\\\/platta.gif\",\"width\":487,\"height\":267,\"caption\":\"Safelift\"},\"image\":{\"@id\":\"https:\\\/\\\/www.safelift.se\\\/en\\\/#\\\/schema\\\/logo\\\/image\\\/\"},\"sameAs\":[\"https:\\\/\\\/www.facebook.com\\\/Safelift\\\/\"]}]}<\/script>\n<!-- \/ Yoast SEO plugin. -->","yoast_head_json":{"title":"Undg\u00e5 arbejdsulykker - Safelift - Pelarliftar f\u00f6r s\u00e4kert arbete inomhus","description":"F\u00f6rhindra arbetsolyckor samtidigt som du maximerar produktiviteten med Safelift: V\u00e4rldens mest kompakta och anv\u00e4ndarv\u00e4nliga pelarlyftar.","robots":{"index":"index","follow":"follow","max-snippet":"max-snippet:-1","max-image-preview":"max-image-preview:large","max-video-preview":"max-video-preview:-1"},"canonical":"https:\/\/www.safelift.se\/da\/undgaa-arbejdsulykker\/","og_locale":"da_DK","og_type":"article","og_title":"Undg\u00e5 arbejdsulykker - Safelift - Pelarliftar f\u00f6r s\u00e4kert arbete inomhus","og_description":"F\u00f6rhindra arbetsolyckor samtidigt som du maximerar produktiviteten med Safelift: V\u00e4rldens mest kompakta och anv\u00e4ndarv\u00e4nliga pelarlyftar.","og_url":"https:\/\/www.safelift.se\/da\/undgaa-arbejdsulykker\/","og_site_name":"Safelift","article_publisher":"https:\/\/www.facebook.com\/Safelift\/","article_modified_time":"2024-09-19T07:58:45+00:00","og_image":[{"width":1920,"height":1280,"url":"https:\/\/www.safelift.se\/wp-content\/uploads\/movearound-ma50-01.jpg","type":"image\/jpeg"}],"twitter_card":"summary_large_image","twitter_misc":{"Estimeret l\u00e6setid":"4 minutter"},"schema":{"@context":"https:\/\/schema.org","@graph":[{"@type":"WebPage","@id":"https:\/\/www.safelift.se\/da\/undgaa-arbejdsulykker\/","url":"https:\/\/www.safelift.se\/da\/undgaa-arbejdsulykker\/","name":"Undg\u00e5 arbejdsulykker - Safelift - Pelarliftar f\u00f6r s\u00e4kert arbete inomhus","isPartOf":{"@id":"https:\/\/www.safelift.se\/en\/#website"},"primaryImageOfPage":{"@id":"https:\/\/www.safelift.se\/da\/undgaa-arbejdsulykker\/#primaryimage"},"image":{"@id":"https:\/\/www.safelift.se\/da\/undgaa-arbejdsulykker\/#primaryimage"},"thumbnailUrl":"https:\/\/www.safelift.se\/wp-content\/uploads\/swe.gif","datePublished":"2024-01-30T14:32:05+00:00","dateModified":"2024-09-19T07:58:45+00:00","description":"F\u00f6rhindra arbetsolyckor samtidigt som du maximerar produktiviteten med Safelift: V\u00e4rldens mest kompakta och anv\u00e4ndarv\u00e4nliga pelarlyftar.","breadcrumb":{"@id":"https:\/\/www.safelift.se\/da\/undgaa-arbejdsulykker\/#breadcrumb"},"inLanguage":"da-DK","potentialAction":[{"@type":"ReadAction","target":["https:\/\/www.safelift.se\/da\/undgaa-arbejdsulykker\/"]}]},{"@type":"ImageObject","inLanguage":"da-DK","@id":"https:\/\/www.safelift.se\/da\/undgaa-arbejdsulykker\/#primaryimage","url":"https:\/\/www.safelift.se\/wp-content\/uploads\/swe.gif","contentUrl":"https:\/\/www.safelift.se\/wp-content\/uploads\/swe.gif"},{"@type":"BreadcrumbList","@id":"https:\/\/www.safelift.se\/da\/undgaa-arbejdsulykker\/#breadcrumb","itemListElement":[{"@type":"ListItem","position":1,"name":"Hem","item":"https:\/\/www.safelift.se\/da\/"},{"@type":"ListItem","position":2,"name":"Undg\u00e5 arbejdsulykker"}]},{"@type":"WebSite","@id":"https:\/\/www.safelift.se\/en\/#website","url":"https:\/\/www.safelift.se\/en\/","name":"Safelift","description":"Pelarliftar f\u00f6r s\u00e4kert arbete inomhus","publisher":{"@id":"https:\/\/www.safelift.se\/en\/#organization"},"potentialAction":[{"@type":"SearchAction","target":{"@type":"EntryPoint","urlTemplate":"https:\/\/www.safelift.se\/en\/?s={search_term_string}"},"query-input":{"@type":"PropertyValueSpecification","valueRequired":true,"valueName":"search_term_string"}}],"inLanguage":"da-DK"},{"@type":"Organization","@id":"https:\/\/www.safelift.se\/en\/#organization","name":"Safelift","url":"https:\/\/www.safelift.se\/en\/","logo":{"@type":"ImageObject","inLanguage":"da-DK","@id":"https:\/\/www.safelift.se\/en\/#\/schema\/logo\/image\/","url":"https:\/\/www.safelift.se\/wp-content\/uploads\/platta.gif","contentUrl":"https:\/\/www.safelift.se\/wp-content\/uploads\/platta.gif","width":487,"height":267,"caption":"Safelift"},"image":{"@id":"https:\/\/www.safelift.se\/en\/#\/schema\/logo\/image\/"},"sameAs":["https:\/\/www.facebook.com\/Safelift\/"]}]}},"_links":{"self":[{"href":"https:\/\/www.safelift.se\/da\/wp-json\/wp\/v2\/pages\/13760","targetHints":{"allow":["GET"]}}],"collection":[{"href":"https:\/\/www.safelift.se\/da\/wp-json\/wp\/v2\/pages"}],"about":[{"href":"https:\/\/www.safelift.se\/da\/wp-json\/wp\/v2\/types\/page"}],"author":[{"embeddable":true,"href":"https:\/\/www.safelift.se\/da\/wp-json\/wp\/v2\/users\/1"}],"replies":[{"embeddable":true,"href":"https:\/\/www.safelift.se\/da\/wp-json\/wp\/v2\/comments?post=13760"}],"version-history":[{"count":0,"href":"https:\/\/www.safelift.se\/da\/wp-json\/wp\/v2\/pages\/13760\/revisions"}],"wp:attachment":[{"href":"https:\/\/www.safelift.se\/da\/wp-json\/wp\/v2\/media?parent=13760"}],"curies":[{"name":"wp","href":"https:\/\/api.w.org\/{rel}","templated":true}]}}